{"id":7153,"date":"2020-07-14T09:38:53","date_gmt":"2020-07-14T07:38:53","guid":{"rendered":"https:\/\/www.cortonaweb.net\/event\/cortona-on-the-move-2020\/"},"modified":"2020-07-15T12:18:14","modified_gmt":"2020-07-15T10:18:14","slug":"cortona-on-the-move-2020","status":"publish","type":"event","link":"https:\/\/www.cortonaweb.net\/en\/event\/cortona-on-the-move-2020\/","title":{"rendered":"Cortona On The Move 2020"},"content":{"rendered":"<h3><strong>EDIZIONE SPECIALE \u2013 The COVID-19 visual project. A time of distance.<\/strong><\/h3>\n<p>Dall\u201911 luglio al 27 settembre, dal venerd\u00ec alla domenica, si terr\u00e0 la decima edizione del festival internazionale di visual narrative.<br>\nUn\u2019edizione speciale interamente dedicata al COVID-19, un delicato fenomeno che accumuna ogni paese del mondo. Ci sar\u00e0 la possibilit\u00e0 di vedere progetti di artisti visivi internazionali che tramite le fotografie hanno raccontato storie legate a questo periodo che cambier\u00e0 per sempre il nostro pianeta.<\/p>\n<h3>Cotm2020_covid<\/h3>\n<p>Allo scadere dei mesi di lockdown, il team e gli sponsor del Cortona On The Move, hanno reagito al nuovo nemico, dando vita a un progetto stimolante che, in pochi mesi, \u00e8 diventato un archivio permanente in progress sulla pandemia da coronavirus. The COVID-19 Visual Project. A Time of Distance \u00e8 visitabile su <strong>covid19visualproject.org<\/strong><\/p>\n<p>La sfida maggiore \u00e8 stata riaprire le porte dei luoghi del festival e allestire le varie mostre relativo al progetto, in modo da poter rispettare e far rispettare tutte le norme sul distanziamento sociale e sulla salute alle quali, purtroppo siamo costretti a vivere.<\/p>\n<p>Lo scopo della decima edizione del Cortona In The Move \u00e8 quello di testimoniare le storie dell\u2019umanit\u00e0 dopo una pandemia inaspettata che ha colpito il mondo sia a livello sanitario che economico. Un\u2019edizione speciale, toccante, che fa riflettere sulla vita e sulle cose che sono realmente importanti, come un abbraccio non dato\u2026<\/p>\n<h3>Le mostre\u00a0di <strong>Cortona On The Move 2020<\/strong><\/h3>\n<h5>Andrea Fazzetta \u2013 Turni di vita o di morte<\/h5>\n<p><em><strong>Fortezza del Girifalco<\/strong><\/em><\/p>\n<p>Una serie di ritratti realizzati da Andrea Frazzetta che coglie la fatica, l\u2019impegno, la passione e i momenti di sconforto negli ospedali del Nord Italia, la zona pi\u00f9 colpita dalla pandemia.<br>\nAndrea Frazzetta, fotografo documentarista italiano, contributor di The New York Times Magazine e National Geographic.<\/p>\n<h5>Alex Majoli \u2013 Covid on Scene<\/h5>\n<p><em><strong>Fortezza del Girifalco<\/strong><\/em><\/p>\n<p>Attraversando tutta l\u2019Italia fino ad arrivare al confine con la Slovenia, Alex Majoli ha creato un\u2019opera unica di un momento che diventer\u00e0 storia dell\u2019umanit\u00e0, con il suo disumano dolore.<br>\nAlex Majoli, fotografo italiano. Il suo lavoro si concentra sulla condizione umana e sul teatro nella nostra vita quotidiana.<\/p>\n<h5>Simon Norfolk \u2013 Lost Capital<\/h5>\n<p><em><strong>Fortezza del Girifalco<\/strong><\/em><\/p>\n<p>Negli scatti di Simon Norfolk si scopre, durante il lockdown, una Londra pura e immacolata come non l\u2019avevamo mai vista. L\u2019Architettura risplende anche nei minimo dettagli assomigliando ai progetti stessi dell\u2019architetto. Linee definitive e skyline illuminato come in un dipinto.<br>\nSimon Norfolk, fotografo paesaggista, il cui lavoro \u00e8 incentrato su un\u2019indagine e un\u2019estensione del significato delle parole \u201ccampo di battaglia\u201d in tutte le sue forme.<\/p>\n<h5>Daniele Ratti \u2013 Next stop<\/h5>\n<p><em><strong>Fortezza del Girifalco<\/strong><\/em><\/p>\n<p>Daniele Ratti per nove giorni ha girato le autostrade da sud a nord, da est a ovest, fotografando una cinquantina di autogrill, che siamo abituati a vedere pieni di gente e che, ai tempi del coronavirus, sembrano aver perso il loro senso.<br>\nDaniele Ratti, si dedica alla fotografia professionale dal 2000. Alcune sue opere si trovano attualmente nelle collezioni permanenti del PAN di Napoli, la Fondazione Bartoli Felter di Cagliari e numerose collezioni private.<\/p>\n<h5>Mattia Balsamini \u2013 Contingency Plans<\/h5>\n<p><em><strong>Fortezza del Girifalco<\/strong><\/em><\/p>\n<p>Nelle fotografie di Mattia Balsamini vedremo tutte quelle attivit\u00e0 economiche italiane non essenziali che si sono dovute fermare durante l\u2019emergenza dal COVID-19, ma che con ingegno e spirito di solidariet\u00e0 si sono rese disponibile per creare gel igienizzanti, mascherine, visiere protettive, bombole di ossigeno e respiratori.<br>\nMattia Balsamini \u00e8 docente di fotografia presso il Master Interactive Media for Interior Design dell\u2019Universit\u00e0 IUAV di Venezia. Membro dell\u2019agenzia fotografica Contrasto, focalizza la sua attenzione su temi legati al territorio d\u2019origine, il concetto di casa ed il lavoro inteso come fattore identitario dell\u2019uomo.<\/p>\n<h5>Mattia Crocetti \u2013 COndiVIDendo 19<\/h5>\n<p><em><strong>Giardini del Parterre<\/strong><\/em><\/p>\n<p>COndiVIDendo 19 \u00e8 un progetto fotografico e sociale che racconta, la convivenza dei cittadini italiani che durante l\u2019emergenza sanitaria, si sono dovuti ritrovare soli in luoghi lontani dagli affetti o che hanno avuto delle convivenze forzate e inaspettate.<br>\nMattia Crocetti, fotografo e documentarista con sede a Roma. Dal 2016 lavora con Luz Photo Agency per progetti fotografici a tema economico-sociale in Italia e all\u2019estero, per collaborazioni con magazine italiani e non.<\/p>\n<h5>Gideon Mendel \u2013 2METRES: Ritratti mascherati a Ridley Road<\/h5>\n<p><em><strong>Palazzo Capannelli<\/strong><\/em><\/p>\n<p>Le realizzazioni di Gideon Mendel sono incentrate su una serie di ritratti fotografici al Ridley Road Food Market durante il periodo della pandemia di coronavirus e del lockdown. Foto con un\u2019inquadratura costante che catturano le diverse comunit\u00e0 che si sovrappongono in questo spazio, sperando di dare un senso di qualcosa di unico, locale e globale allo stesso tempo.<br>\nGideon Mendel grazie allo stile intimo e al suo impegno a lungo termine in progetti di impatto sociale, si \u00e8 guadagnato un riconoscimento internazionale. Mendel ha avviato la propria carriera con le sue fotografie struggenti degli ultimi anni dell\u2019apartheid.<\/p>\n<h5>Nanna Heitmann \u2013 Pandemic of Social Inequality<\/h5>\n<p><em><strong>Palazzo Capannelli<\/strong><\/em><\/p>\n<p>A Mosca, quasi met\u00e0 della popolazione non dispone di risparmi, le persone che gi\u00e0 vivevano in situazioni precarie sono state le pi\u00f9 colpite dalla pandemia, Nanna Heitmann ha visitato diversi enti di beneficenza per capire come il lockdown abbia colpito i pi\u00f9 vulnerabili.<br>\nNanna Heitmann, fotografa documentarista russo\/tedesca. Ha collaborato su commissione con varie pubblicazioni tra le quali The New York Times. Nanna Heitmann \u00e8 entrata a far parte di Magnum come nomine nel 2019.<\/p>\n<h5>Paolo Woods &amp; Gabriele Galimberti \u2013 Locked in Beauty<\/h5>\n<p><em><strong>Palazzo Capannelli<\/strong><\/em><\/p>\n<p>Lo scopo di Paolo Woods e Gabriele Galimberti \u00e8 quello di restituire una nuova luce alle opere d\u2019arte e tirarle fuori dall\u2019oscurit\u00e0 in cui erano immerse. Dalla collezione egizia del Museo Archeologico Nazionale di Napoli al David di Michelangelo dell\u2019Accademia di Firenze, hanno fotografato tutti le bellezze artistiche del \u201cBel Paese\u201d.<\/p>\n<p>Paolo Woods \u00e8 dedito a progetti di lunga durata, dove la fotografia \u00e8 strumento d\u2019investigazione del mondo contemporaneo.<br>\nGabriele Galimberti, fotografo italiano che vive spesso in aereo. Il lavoro di Gabriele consiste principalmente nel raccontare le storie, attraverso ritratti e racconti, di persone in tutto il mondo, narrando le loro peculiarit\u00e0 e differenze.<\/p>\n<h5>Luj\u00e1n Agusti &amp; Nicol\u00e1s Deluca \u2013 La nuova fine del mondo<\/h5>\n<p><em><strong>Palazzo Capannelli<\/strong><\/em><\/p>\n<p>\u201cLa nuova fine del mondo\u201d \u00e8 un documentario che esplora, attraverso fotografia e video, le tracce create dalla pandemia nella citt\u00e0 pi\u00fa a sud del mondo. La causa esatta della malattia ancora non \u00e8 chiara, ma non c\u2019\u00e8 dubbio che sia legata alle azioni dannose degli umani nei confronti della natura. Tutto \u00e8 connesso, e forzare quell\u2019equilibrio \u00e8 pericoloso. La natura \u00e8 il nostro rifugio, e la nostra risorsa pi\u00f9 preziosa.<br>\nLuj\u00e1n Agusti \u00e8 una National Geographic Explorer. Fotografa documentarista e visual storyteller, esplora la cultura e l\u2019identit\u00e0 latinoamericana con una prospettiva di genere.<br>\nNicol\u00e1s Deluca, regista e professore ricercatore. Il suo lavoro attuale indaga la cultura e l\u2019identit\u00e0 fuegiana attraverso nuovi formati di consumo culturale.<\/p>\n<h5>Luis Cobelo \u2013 Afuera<\/h5>\n<p><em><strong>Palazzo Capannelli<\/strong><\/em><\/p>\n<p>Dalla prospettiva di una terrazza che offre uno sguardo a 180 gradi sulla citt\u00e0, Luis Cobelo racconta il lockdown di Barcellona. Un video che esplora l\u2019umanit\u00e0 nelle sue nuove abitudini e i nuovi luoghi di incontro e socialit\u00e0 a distanza: tetti, balconi, finestre.<br>\nLuis Cobelo, laureato in filosofia presso l\u2019Universit\u00e0 di Zulia, Venezuela, dal 2001 lavora come artista indipendente oltre confine sviluppando progetti documentari in America, Asia ed Europa, che sono stati pubblicati su molte riviste e giornali.<\/p>\n<h5>Daniel Etter \u2013 The Indispensables<\/h5>\n<p><em><strong>Palazzo Capannelli<\/strong><\/em><\/p>\n<p>COVID-19 ci ha rivelato l\u2019importanza dei lavoratori essenziali, di coloro che producono e consegnano il nostro cibo, si prendono cura della nostra salute e dei nostri figli, di coloro che vengono in nostro soccorso quando ce n\u2019\u00e8 bisogno, di tutte quelle persone che hanno fatto funzionare il paese in un periodo cos\u00ec critico per l\u2019umanit\u00e0.<\/p>\n<p>Daniel Etter, fotografo vincitore del Premio Pulitzer e scrittore giornalistico, sceneggiatore di lungometraggi e regista, attualmente residente tra una fattoria in Spagna e Berlino, Germania.<\/p>\n<h5>Gaia Squarci \u2013 Diario: il libretto sanitario di New York<\/h5>\n<p><em><strong>Palazzo Capannelli<\/strong><\/em><\/p>\n<p>Gaia attraverso le sue fotografie vuole mostrare uno spaccato di un\u2019esperienza intima della crisi sanitaria in giro per Manhattan, nel Bronx, nel Queens e Brooklyn. Testimone in prima persona di quanto le risorse mediche siano compromesse e di come il tessuto di una societ\u00e0 disuguale subisca le conseguenze di un\u2019emergenza di questo tipo, le sue immagini sono accompagnate da annotazioni dal suo diario, che ci avvicinano ai temi affrontati e offrendoci uno spazio di riflessione su questioni che vanno al di l\u00e0 dell\u2019attuale crisi sanitaria.<br>\nGaia Squarci, fotografa e videomaker italiana. Con un background in storia dell\u2019arte e fotogiornalismo, tende ad un approccio personale che si distanzia dalla tradizione narrativa descrittiva della fotografia documentaristica.<\/p>\n<h5>Michele Spatari \u2013 No Place Like Hope<\/h5>\n<p><em><strong>Palazzo Capannelli<\/strong><\/em><\/p>\n<p>Michele Sparati mostra come \u00e8 stato intrapreso il lockdown in Sud Africa dopo la scoperta del Paziente Zero. Strade deserte, acquisti compulsivi, panico e coprifuoco, in una societ\u00e0 dove il distanziamento sociale \u00e8 stato imposto con bastoncini e proiettili di gomma sparati a distanza ravvicinata.<br>\nMichele Spatari, fotografo documentarista di base a Johannesburg, dove principalmente collabora con AFP in Africa meridionale.<\/p>\n<h5>Serena Vittorini \u2013 In questo momento<\/h5>\n<p><em><strong>Palazzo Capannelli<\/strong><\/em><\/p>\n<p>\u201cIn questo momento, ho paura. Non mi sento sicura. Vorrei sentirti vicina.\u201d<br>\n\u00c8 l\u2019incipit con cui iniziano alcuni dialoghi tra Serena Vittorini, protagonista e regista di En ce moment e Oph\u00e9lie, la giovane donna francese con cui condivide il lockdown e con la quale inizia una storia d\u2019amore. Realizzando dei video che mostrano come le due donne vivono un\u2019intensa e complessa relazione in cui emergono paure e diffidenze, trasformando la narrazione filmica in un\u2019opportunit\u00e0 di rileggere le domande esistenziali e i dubbi che le relazioni portano in ogni tempo e a ogni et\u00e0.<br>\nSerena Vittorini, un\u2019artista visiva che risiede a Bruxelles. All\u2019inizio del suo percorso di ricerca si \u00e8 interessata all\u2019analisi dei processi di modificazione dei luoghi e al rapporto tra presenza umana e rappresentazione dello spazio urbano.<\/p>\n<h5>Silvia Bigi \u2013 Urt\u00fcmliches Bild<\/h5>\n<p><em><strong>Palazzo Capannelli<\/strong><\/em><\/p>\n<p>L\u2019autrice rivolge l\u2019attenzione a queste immagini interne, partendo dalla creazione di un archivio dei sogni fatti durante i mesi di confinamento e raccontati da persone provenienti da ogni parte del pianeta, per poi codificarli attraverso un algoritmo di apprendimento automatico. Le immagini, imperfette, surreali, prive di regole figurative e prospettiche, sono frutto della combinazione di archivi e datasets del nostro mondo.<br>\nSilvia Bigi, laureata al DAMS di Bologna, attraverso l\u2019utilizzo di diversi linguaggi \u2013 fotografia, installazione, scultura, suono, video, tessile \u2013 il suo lavoro esplora la relazione fra memorie individuali e collettive.<\/p>\n<h5>Davide Bertuccio \u2013 Il silenzioso battito delle loro mani<\/h5>\n<p><em><strong>Palazzo Capannelli<\/strong><\/em><\/p>\n<p>Davide Bertuccio racconta come la vita di oggi sia segnata dal passare del tempo\u2026 Racconta di Claudio, uomo di spettacolo e circense, che necessita degli applausi che ora non ci sono pi\u00f9. L\u2019arrivo del COVID-19 rende la sua esistenza ancora pi\u00f9 fragile e solitaria, e le immagini messe insieme dal fotografo raccontano proprio questo vuoto.<br>\nDavide, fotogiornalista di base a Milano. Si \u00e8 laureato nel 2016 presso lo IED nella scuola di arti visive in fotografia.<\/p>\n<h5>Mo Scarpelli \u2013 I sogni di Roma<\/h5>\n<p><em><strong>Palazzo Capannelli<\/strong><\/em><\/p>\n<p>I Sogni di Roma esplora la resilienza della nostra immaginazione al tempo della pandemia, raccontata dalle voci dei romani attraverso i sogni che hanno fatto nell\u2019arco di 50 giorni di rigida quarantena. I sognatori hanno registrato le loro voci da soli, chiusi in casa loro, a volte subito dopo un sogno. Trasmettendo i fatti accaduti nei loro sogni pi\u00f9 intensi durante il lockdown.<br>\nMo Scarpelli, italo-americana, \u00e8 regista e direttore della fotografia nell\u2019ambito del cinema non fiction. Mo, \u00e8 stata selezionata dalla Berlinale Talents 2018, ha ricevuto per due volte il contributo del Catapult Film Fund e ha vinto il premio Speranza Female Filmmaker Award.<\/p>\n<h5>SEEN FROM SPACE | Earth and deep space<br>\nIn collaborazione con Logo Esa<\/h5>\n<p><em><strong>Piazza Signorelli e Via Roma<\/strong><\/em><\/p>\n<p>L\u2019ESA, Azienda Spaziale Europea attiva in ogni settore dell\u2019attivit\u00e0 spaziale, ci mostra tramite immagini del satellite come la pandemia da COVID-19 ha cambiato l\u2019atmosfera terrestre. Il lockdown ha portato alla chiusura di molte industrie e ci ha costretti a stare in casa,\u00a0 ci\u00f2 a portato a una riduzione drastica dell\u2019inquinamento e della concentrazione di biossido d\u2019azoto in India ed Europa.<br>\nL\u2019ESA sostiene l\u2019esplorazione e l\u2019utilizzo dello spazio a scopi pacifici. Istituita nel 1975, da oltre 40 anni promuove gli interessi scientifici e industriali dell\u2019Europa nello spazio. <strong>www.esa.int<\/strong><\/p>\n<h5>Edoardo Delille \u2013 Silenzio<\/h5>\n<p><em><strong>Via Nazionale<\/strong><\/em><\/p>\n<p>Delille ci racconta di una Firenza deserta e immobile come in un libro di Storia dell\u2019Arte. La bellezza della citt\u00e0 e il suo silenzio sono mostrate tramite inquadrature dall\u2019alto, come fosse uno sguardo fatto da una finestra, a cui ci ha abituato l\u2019isolamento casalingo, restituendo ancora di pi\u00f9 il senso stasi e di tempo sospeso.<br>\nEdoardo Delille \u00e8 un affermato fotografo e filmaker italiano che ha iniziato la sua carriera nel campo della moda e della pubblicit\u00e0.. Successivamente \u00e8 passato alla fotografia ritrattistica e documentaristica.<\/p>\n","protected":false},"featured_media":7164,"menu_order":0,"template":"","event-categories":[391],"class_list":["post-7153","event","type-event","status-publish","has-post-thumbnail","hentry","event-categories-culture-events-cortona","event-organizers-associazione-culturale-on-the-move"],"yoast_head":"<!-- This site is optimized with the Yoast SEO plugin v27.5 - https:\/\/yoast.com\/product\/yoast-seo-wordpress\/ -->\n<title>Cortona On The Move 2020 | Eventi a Cortona<\/title>\n<meta name=\"description\" content=\"COTM_2020: EDIZIONE SPECIALE - THE COVID-19 VISUAL PROJECT. A TIME OF DISTANZE. Il racconto della vita durante e dopo il lockdown, tramite fotografie e filmati di grandi artisti che hanno vissuto sulla loro pelle un momento che segner\u00e0 per sempre la storia dell&#039;umanit\u00e0.\" \/>\n<meta name=\"robots\" content=\"index, follow, max-snippet:-1, max-image-preview:large, max-video-preview:-1\" \/>\n<link rel=\"canonical\" href=\"https:\/\/www.cortonaweb.net\/en\/event\/cortona-on-the-move-2020\/\" \/>\n<meta property=\"og:locale\" content=\"en_US\" \/>\n<meta property=\"og:type\" content=\"article\" \/>\n<meta property=\"og:title\" content=\"Cortona On The Move 2020 | Eventi a Cortona\" \/>\n<meta property=\"og:description\" content=\"COTM_2020: EDIZIONE SPECIALE - THE COVID-19 VISUAL PROJECT. A TIME OF DISTANZE. Il racconto della vita durante e dopo il lockdown, tramite fotografie e filmati di grandi artisti che hanno vissuto sulla loro pelle un momento che segner\u00e0 per sempre la storia dell&#039;umanit\u00e0.\" \/>\n<meta property=\"og:url\" content=\"https:\/\/www.cortonaweb.net\/en\/event\/cortona-on-the-move-2020\/\" \/>\n<meta property=\"og:site_name\" content=\"Cortonaweb\" \/>\n<meta property=\"article:modified_time\" content=\"2020-07-15T10:18:14+00:00\" \/>\n<meta property=\"og:image\" content=\"https:\/\/www.cortonaweb.net\/wp-content\/uploads\/2020\/07\/copertina-1-1.jpg\" \/>\n\t<meta property=\"og:image:width\" content=\"1670\" \/>\n\t<meta property=\"og:image:height\" content=\"944\" \/>\n\t<meta property=\"og:image:type\" content=\"image\/jpeg\" \/>\n<meta name=\"twitter:card\" content=\"summary_large_image\" \/>\n<meta name=\"twitter:label1\" content=\"Est. reading time\" \/>\n\t<meta name=\"twitter:data1\" content=\"11 minutes\" \/>\n<script type=\"application\/ld+json\" class=\"yoast-schema-graph\">{\"@context\":\"https:\\\/\\\/schema.org\",\"@graph\":[{\"@type\":\"WebPage\",\"@id\":\"https:\\\/\\\/www.cortonaweb.net\\\/en\\\/event\\\/cortona-on-the-move-2020\\\/\",\"url\":\"https:\\\/\\\/www.cortonaweb.net\\\/en\\\/event\\\/cortona-on-the-move-2020\\\/\",\"name\":\"Cortona On The Move 2020 | Eventi a Cortona\",\"isPartOf\":{\"@id\":\"https:\\\/\\\/www.cortonaweb.net\\\/en\\\/#website\"},\"primaryImageOfPage\":{\"@id\":\"https:\\\/\\\/www.cortonaweb.net\\\/en\\\/event\\\/cortona-on-the-move-2020\\\/#primaryimage\"},\"image\":{\"@id\":\"https:\\\/\\\/www.cortonaweb.net\\\/en\\\/event\\\/cortona-on-the-move-2020\\\/#primaryimage\"},\"thumbnailUrl\":\"https:\\\/\\\/www.cortonaweb.net\\\/wp-content\\\/uploads\\\/2020\\\/07\\\/copertina-1-1.jpg\",\"datePublished\":\"2020-07-14T07:38:53+00:00\",\"dateModified\":\"2020-07-15T10:18:14+00:00\",\"description\":\"COTM_2020: EDIZIONE SPECIALE - THE COVID-19 VISUAL PROJECT. A TIME OF DISTANZE. Il racconto della vita durante e dopo il lockdown, tramite fotografie e filmati di grandi artisti che hanno vissuto sulla loro pelle un momento che segner\u00e0 per sempre la storia dell'umanit\u00e0.\",\"breadcrumb\":{\"@id\":\"https:\\\/\\\/www.cortonaweb.net\\\/en\\\/event\\\/cortona-on-the-move-2020\\\/#breadcrumb\"},\"inLanguage\":\"en-US\",\"potentialAction\":[{\"@type\":\"ReadAction\",\"target\":[\"https:\\\/\\\/www.cortonaweb.net\\\/en\\\/event\\\/cortona-on-the-move-2020\\\/\"]}]},{\"@type\":\"ImageObject\",\"inLanguage\":\"en-US\",\"@id\":\"https:\\\/\\\/www.cortonaweb.net\\\/en\\\/event\\\/cortona-on-the-move-2020\\\/#primaryimage\",\"url\":\"https:\\\/\\\/www.cortonaweb.net\\\/wp-content\\\/uploads\\\/2020\\\/07\\\/copertina-1-1.jpg\",\"contentUrl\":\"https:\\\/\\\/www.cortonaweb.net\\\/wp-content\\\/uploads\\\/2020\\\/07\\\/copertina-1-1.jpg\",\"width\":1670,\"height\":944,\"caption\":\"cotm_2020\"},{\"@type\":\"BreadcrumbList\",\"@id\":\"https:\\\/\\\/www.cortonaweb.net\\\/en\\\/event\\\/cortona-on-the-move-2020\\\/#breadcrumb\",\"itemListElement\":[{\"@type\":\"ListItem\",\"position\":1,\"name\":\"Home\",\"item\":\"https:\\\/\\\/www.cortonaweb.net\\\/en\\\/\"},{\"@type\":\"ListItem\",\"position\":2,\"name\":\"Events\",\"item\":\"https:\\\/\\\/www.cortonaweb.net\\\/en\\\/event\\\/\"},{\"@type\":\"ListItem\",\"position\":3,\"name\":\"Cortona On The Move 2020\"}]},{\"@type\":\"WebSite\",\"@id\":\"https:\\\/\\\/www.cortonaweb.net\\\/en\\\/#website\",\"url\":\"https:\\\/\\\/www.cortonaweb.net\\\/en\\\/\",\"name\":\"Cortonaweb\",\"description\":\"Everything about Cortona\",\"publisher\":{\"@id\":\"https:\\\/\\\/www.cortonaweb.net\\\/en\\\/#organization\"},\"potentialAction\":[{\"@type\":\"SearchAction\",\"target\":{\"@type\":\"EntryPoint\",\"urlTemplate\":\"https:\\\/\\\/www.cortonaweb.net\\\/en\\\/?s={search_term_string}\"},\"query-input\":{\"@type\":\"PropertyValueSpecification\",\"valueRequired\":true,\"valueName\":\"search_term_string\"}}],\"inLanguage\":\"en-US\"},{\"@type\":\"Organization\",\"@id\":\"https:\\\/\\\/www.cortonaweb.net\\\/en\\\/#organization\",\"name\":\"Cortonaweb\",\"url\":\"https:\\\/\\\/www.cortonaweb.net\\\/en\\\/\",\"logo\":{\"@type\":\"ImageObject\",\"inLanguage\":\"en-US\",\"@id\":\"https:\\\/\\\/www.cortonaweb.net\\\/en\\\/#\\\/schema\\\/logo\\\/image\\\/\",\"url\":\"https:\\\/\\\/www.cortonaweb.net\\\/wp-content\\\/uploads\\\/2019\\\/02\\\/cropped-favicon.png\",\"contentUrl\":\"https:\\\/\\\/www.cortonaweb.net\\\/wp-content\\\/uploads\\\/2019\\\/02\\\/cropped-favicon.png\",\"width\":512,\"height\":512,\"caption\":\"Cortonaweb\"},\"image\":{\"@id\":\"https:\\\/\\\/www.cortonaweb.net\\\/en\\\/#\\\/schema\\\/logo\\\/image\\\/\"}}]}<\/script>\n<!-- \/ Yoast SEO plugin. -->","yoast_head_json":{"title":"Cortona On The Move 2020 | Eventi a Cortona","description":"COTM_2020: EDIZIONE SPECIALE - THE COVID-19 VISUAL PROJECT. A TIME OF DISTANZE. Il racconto della vita durante e dopo il lockdown, tramite fotografie e filmati di grandi artisti che hanno vissuto sulla loro pelle un momento che segner\u00e0 per sempre la storia dell'umanit\u00e0.","robots":{"index":"index","follow":"follow","max-snippet":"max-snippet:-1","max-image-preview":"max-image-preview:large","max-video-preview":"max-video-preview:-1"},"canonical":"https:\/\/www.cortonaweb.net\/en\/event\/cortona-on-the-move-2020\/","og_locale":"en_US","og_type":"article","og_title":"Cortona On The Move 2020 | Eventi a Cortona","og_description":"COTM_2020: EDIZIONE SPECIALE - THE COVID-19 VISUAL PROJECT. A TIME OF DISTANZE. Il racconto della vita durante e dopo il lockdown, tramite fotografie e filmati di grandi artisti che hanno vissuto sulla loro pelle un momento che segner\u00e0 per sempre la storia dell'umanit\u00e0.","og_url":"https:\/\/www.cortonaweb.net\/en\/event\/cortona-on-the-move-2020\/","og_site_name":"Cortonaweb","article_modified_time":"2020-07-15T10:18:14+00:00","og_image":[{"width":1670,"height":944,"url":"https:\/\/www.cortonaweb.net\/wp-content\/uploads\/2020\/07\/copertina-1-1.jpg","type":"image\/jpeg"}],"twitter_card":"summary_large_image","twitter_misc":{"Est. reading time":"11 minutes"},"schema":{"@context":"https:\/\/schema.org","@graph":[{"@type":"WebPage","@id":"https:\/\/www.cortonaweb.net\/en\/event\/cortona-on-the-move-2020\/","url":"https:\/\/www.cortonaweb.net\/en\/event\/cortona-on-the-move-2020\/","name":"Cortona On The Move 2020 | Eventi a Cortona","isPartOf":{"@id":"https:\/\/www.cortonaweb.net\/en\/#website"},"primaryImageOfPage":{"@id":"https:\/\/www.cortonaweb.net\/en\/event\/cortona-on-the-move-2020\/#primaryimage"},"image":{"@id":"https:\/\/www.cortonaweb.net\/en\/event\/cortona-on-the-move-2020\/#primaryimage"},"thumbnailUrl":"https:\/\/www.cortonaweb.net\/wp-content\/uploads\/2020\/07\/copertina-1-1.jpg","datePublished":"2020-07-14T07:38:53+00:00","dateModified":"2020-07-15T10:18:14+00:00","description":"COTM_2020: EDIZIONE SPECIALE - THE COVID-19 VISUAL PROJECT. A TIME OF DISTANZE. Il racconto della vita durante e dopo il lockdown, tramite fotografie e filmati di grandi artisti che hanno vissuto sulla loro pelle un momento che segner\u00e0 per sempre la storia dell'umanit\u00e0.","breadcrumb":{"@id":"https:\/\/www.cortonaweb.net\/en\/event\/cortona-on-the-move-2020\/#breadcrumb"},"inLanguage":"en-US","potentialAction":[{"@type":"ReadAction","target":["https:\/\/www.cortonaweb.net\/en\/event\/cortona-on-the-move-2020\/"]}]},{"@type":"ImageObject","inLanguage":"en-US","@id":"https:\/\/www.cortonaweb.net\/en\/event\/cortona-on-the-move-2020\/#primaryimage","url":"https:\/\/www.cortonaweb.net\/wp-content\/uploads\/2020\/07\/copertina-1-1.jpg","contentUrl":"https:\/\/www.cortonaweb.net\/wp-content\/uploads\/2020\/07\/copertina-1-1.jpg","width":1670,"height":944,"caption":"cotm_2020"},{"@type":"BreadcrumbList","@id":"https:\/\/www.cortonaweb.net\/en\/event\/cortona-on-the-move-2020\/#breadcrumb","itemListElement":[{"@type":"ListItem","position":1,"name":"Home","item":"https:\/\/www.cortonaweb.net\/en\/"},{"@type":"ListItem","position":2,"name":"Events","item":"https:\/\/www.cortonaweb.net\/en\/event\/"},{"@type":"ListItem","position":3,"name":"Cortona On The Move 2020"}]},{"@type":"WebSite","@id":"https:\/\/www.cortonaweb.net\/en\/#website","url":"https:\/\/www.cortonaweb.net\/en\/","name":"Cortonaweb","description":"Everything about Cortona","publisher":{"@id":"https:\/\/www.cortonaweb.net\/en\/#organization"},"potentialAction":[{"@type":"SearchAction","target":{"@type":"EntryPoint","urlTemplate":"https:\/\/www.cortonaweb.net\/en\/?s={search_term_string}"},"query-input":{"@type":"PropertyValueSpecification","valueRequired":true,"valueName":"search_term_string"}}],"inLanguage":"en-US"},{"@type":"Organization","@id":"https:\/\/www.cortonaweb.net\/en\/#organization","name":"Cortonaweb","url":"https:\/\/www.cortonaweb.net\/en\/","logo":{"@type":"ImageObject","inLanguage":"en-US","@id":"https:\/\/www.cortonaweb.net\/en\/#\/schema\/logo\/image\/","url":"https:\/\/www.cortonaweb.net\/wp-content\/uploads\/2019\/02\/cropped-favicon.png","contentUrl":"https:\/\/www.cortonaweb.net\/wp-content\/uploads\/2019\/02\/cropped-favicon.png","width":512,"height":512,"caption":"Cortonaweb"},"image":{"@id":"https:\/\/www.cortonaweb.net\/en\/#\/schema\/logo\/image\/"}}]}},"acf":{"time":"dalle 10:00 alle 20:00","date_start":"11\/07\/2020","date_end":"27\/09\/2020","contact_info":{"name":"","phone":""},"hashtag":"cotm2020","ticket_info":"da 6\u20ac a 10\u20ac","ticket_url":"","main_event_page":{"ID":3419,"post_author":"5","post_date":"2018-12-12 15:52:04","post_date_gmt":"2018-12-12 14:52:04","post_content":"<a href=\"https:\/\/www.cortonaweb.net\/wp-content\/uploads\/2018\/12\/Bieke-Depoorter_Magnum-Photos.jpg\"><img class=\"alignleft wp-image-987\" src=\"https:\/\/www.cortonaweb.net\/wp-content\/uploads\/2018\/12\/Bieke-Depoorter_Magnum-Photos.jpg\" alt=\"\" width=\"500\" height=\"333\" \/><\/a>\r\n\r\n<strong>Founded in 2011 by the Associazione Culturale ONTHEMOVE<\/strong>, the principal objective of <strong>Cortona On The Move<\/strong> is to spread and promote contemporary photography by bringing new creative talents and novel forms of visual communication to the forefront. Under the artistic direction of <strong>Arianna Rinaldo<\/strong>, the festival provides a continuing exchange between field experts and a ceaseless search for work which represents the ongoing evolution of the photographic language, all showcased within the enchanting Etruscan hilltown of Cortona.\r\n\r\n<a href=\"https:\/\/www.cortonaweb.net\/wp-content\/uploads\/2018\/12\/Sanne-De-Wilde_Press-1_MAIN-IMAGE.jpg\"><img class=\"alignright wp-image-1019\" src=\"https:\/\/www.cortonaweb.net\/wp-content\/uploads\/2018\/12\/Sanne-De-Wilde_Press-1_MAIN-IMAGE.jpg\" alt=\"\" width=\"500\" height=\"333\" \/><\/a>\r\n\r\nCortona On The Move is a<strong> dynamic centre of contemporary photography<\/strong>, where experimentation and a watchful eye on the future development of visual communications are at home. Our key words are: originality of vision and authenticity in approach to the reality that surrounds us in order to narrate stories through images that reach a vast public.\r\n\r\nIt is exactly this approach which has enabled us to grow rapidly to become a <strong>reference point, not only for accomplished photographers and amateurs alike, but also for a national and international audience that is attentive to contemporary cultural trends<\/strong>. An approach which has spawned continual growth in the number of visitors, volunteers and professionals who come to the festival.\r\n\r\nBut photography isn\u2019t the only valuable asset of Cortona On The Move. It also cherishes and promotes worthy icons of the local economy, which <strong>has made it possible, year after year, to re-open prestigious old buildings for the benefit of the town<\/strong> \u2013 dilapidated and abandoned buildings that have now become spectacular exhibition locations.\r\n\r\n<img class=\"aligncenter wp-image-1007\" src=\"https:\/\/www.cortonaweb.net\/wp-content\/uploads\/2018\/12\/logo.jpg\" alt=\"\" width=\"650\" height=\"226\" \/>","post_title":"Cortona <span class=\"text-yellow\">On The<\/span> Move","post_excerpt":"","post_status":"publish","comment_status":"closed","ping_status":"closed","post_password":"","post_name":"cortona-on-the-move","to_ping":"","pinged":"","post_modified":"2019-04-03 16:41:15","post_modified_gmt":"2019-04-03 14:41:15","post_content_filtered":"","post_parent":3417,"guid":"https:\/\/www.cortonaweb.net\/eventi-principali\/cortona-on-the-move\/","menu_order":0,"post_type":"page","post_mime_type":"","comment_count":"0","filter":"raw"},"blocks":[{"acf_fc_layout":"gallery","gallery":[{"ID":7122,"id":7122,"title":"Augusti","filename":"Augusti.jpg","filesize":81898,"url":"https:\/\/www.cortonaweb.net\/wp-content\/uploads\/2020\/07\/Augusti.jpg","link":"https:\/\/www.cortonaweb.net\/en\/event\/cortona-on-the-move-2020\/augusti-2\/","alt":"eventi a cortona","author":"88","description":"","caption":"","name":"augusti-2","status":"inherit","uploaded_to":7153,"date":"2020-07-14 07:36:23","modified":"2020-07-14 07:36:44","menu_order":0,"mime_type":"image\/jpeg","type":"image","subtype":"jpeg","icon":"https:\/\/www.cortonaweb.net\/wp-includes\/images\/media\/default.png","width":1280,"height":718,"sizes":{"thumbnail":"https:\/\/www.cortonaweb.net\/wp-content\/uploads\/2020\/07\/Augusti-150x150.jpg","thumbnail-width":150,"thumbnail-height":150,"medium":"https:\/\/www.cortonaweb.net\/wp-content\/uploads\/2020\/07\/Augusti-300x168.jpg","medium-width":300,"medium-height":168,"medium_large":"https:\/\/www.cortonaweb.net\/wp-content\/uploads\/2020\/07\/Augusti-768x431.jpg","medium_large-width":768,"medium_large-height":431,"large":"https:\/\/www.cortonaweb.net\/wp-content\/uploads\/2020\/07\/Augusti-1024x574.jpg","large-width":1024,"large-height":574,"1536x1536":"https:\/\/www.cortonaweb.net\/wp-content\/uploads\/2020\/07\/Augusti.jpg","1536x1536-width":1280,"1536x1536-height":718,"2048x2048":"https:\/\/www.cortonaweb.net\/wp-content\/uploads\/2020\/07\/Augusti.jpg","2048x2048-width":1280,"2048x2048-height":718,"carousel-home-thumb":"https:\/\/www.cortonaweb.net\/wp-content\/uploads\/2020\/07\/Augusti-366x275.jpg","carousel-home-thumb-width":366,"carousel-home-thumb-height":275,"carousel-thumb":"https:\/\/www.cortonaweb.net\/wp-content\/uploads\/2020\/07\/Augusti-366x275.jpg","carousel-thumb-width":366,"carousel-thumb-height":275,"box-single":"https:\/\/www.cortonaweb.net\/wp-content\/uploads\/2020\/07\/Augusti-512x512.jpg","box-single-width":512,"box-single-height":512,"box-double":"https:\/\/www.cortonaweb.net\/wp-content\/uploads\/2020\/07\/Augusti-512x512.jpg","box-double-width":512,"box-double-height":512,"box-wide":"https:\/\/www.cortonaweb.net\/wp-content\/uploads\/2020\/07\/Augusti-1058x630.jpg","box-wide-width":1058,"box-wide-height":630,"recipe-cover":"https:\/\/www.cortonaweb.net\/wp-content\/uploads\/2020\/07\/Augusti-1035x585.jpg","recipe-cover-width":1035,"recipe-cover-height":585,"recipe-gallery-thumb":"https:\/\/www.cortonaweb.net\/wp-content\/uploads\/2020\/07\/Augusti-325x220.jpg","recipe-gallery-thumb-width":325,"recipe-gallery-thumb-height":220,"event-cover":"https:\/\/www.cortonaweb.net\/wp-content\/uploads\/2020\/07\/Augusti-1035x585.jpg","event-cover-width":1035,"event-cover-height":585,"event-gallery-thumb":"https:\/\/www.cortonaweb.net\/wp-content\/uploads\/2020\/07\/Augusti-370x208.jpg","event-gallery-thumb-width":370,"event-gallery-thumb-height":208,"vendor-cover":"https:\/\/www.cortonaweb.net\/wp-content\/uploads\/2020\/07\/Augusti-1035x585.jpg","vendor-cover-width":1035,"vendor-cover-height":585,"vendor-carousel-thumb":"https:\/\/www.cortonaweb.net\/wp-content\/uploads\/2020\/07\/Augusti-370x280.jpg","vendor-carousel-thumb-width":370,"vendor-carousel-thumb-height":280,"vendor-offer-thumb":"https:\/\/www.cortonaweb.net\/wp-content\/uploads\/2020\/07\/Augusti-370x280.jpg","vendor-offer-thumb-width":370,"vendor-offer-thumb-height":280,"vendor-logo":"https:\/\/www.cortonaweb.net\/wp-content\/uploads\/2020\/07\/Augusti-100x100.jpg","vendor-logo-width":100,"vendor-logo-height":100,"sidebar-thumb":"https:\/\/www.cortonaweb.net\/wp-content\/uploads\/2020\/07\/Augusti-100x70.jpg","sidebar-thumb-width":100,"sidebar-thumb-height":70,"post-cover":"https:\/\/www.cortonaweb.net\/wp-content\/uploads\/2020\/07\/Augusti-1035x585.jpg","post-cover-width":1035,"post-cover-height":585,"category-post-image":"https:\/\/www.cortonaweb.net\/wp-content\/uploads\/2020\/07\/Augusti-550x360.jpg","category-post-image-width":550,"category-post-image-height":360,"listed-box-thumb":"https:\/\/www.cortonaweb.net\/wp-content\/uploads\/2020\/07\/Augusti-550x360.jpg","listed-box-thumb-width":550,"listed-box-thumb-height":360}},{"ID":7106,"id":7106,"title":"Davide-Bertuccio","filename":"Davide-Bertuccio.jpg","filesize":284402,"url":"https:\/\/www.cortonaweb.net\/wp-content\/uploads\/2020\/07\/Davide-Bertuccio.jpg","link":"https:\/\/www.cortonaweb.net\/en\/event\/cortona-on-the-move-2020\/davide-bertuccio-2\/","alt":"cotm_2020","author":"88","description":"","caption":"","name":"davide-bertuccio-2","status":"inherit","uploaded_to":7153,"date":"2020-07-14 07:35:57","modified":"2020-07-14 07:37:31","menu_order":0,"mime_type":"image\/jpeg","type":"image","subtype":"jpeg","icon":"https:\/\/www.cortonaweb.net\/wp-includes\/images\/media\/default.png","width":1280,"height":1280,"sizes":{"thumbnail":"https:\/\/www.cortonaweb.net\/wp-content\/uploads\/2020\/07\/Davide-Bertuccio-150x150.jpg","thumbnail-width":150,"thumbnail-height":150,"medium":"https:\/\/www.cortonaweb.net\/wp-content\/uploads\/2020\/07\/Davide-Bertuccio-300x300.jpg","medium-width":300,"medium-height":300,"medium_large":"https:\/\/www.cortonaweb.net\/wp-content\/uploads\/2020\/07\/Davide-Bertuccio-768x768.jpg","medium_large-width":768,"medium_large-height":768,"large":"https:\/\/www.cortonaweb.net\/wp-content\/uploads\/2020\/07\/Davide-Bertuccio-1024x1024.jpg","large-width":1024,"large-height":1024,"1536x1536":"https:\/\/www.cortonaweb.net\/wp-content\/uploads\/2020\/07\/Davide-Bertuccio.jpg","1536x1536-width":1280,"1536x1536-height":1280,"2048x2048":"https:\/\/www.cortonaweb.net\/wp-content\/uploads\/2020\/07\/Davide-Bertuccio.jpg","2048x2048-width":1280,"2048x2048-height":1280,"carousel-home-thumb":"https:\/\/www.cortonaweb.net\/wp-content\/uploads\/2020\/07\/Davide-Bertuccio-366x275.jpg","carousel-home-thumb-width":366,"carousel-home-thumb-height":275,"carousel-thumb":"https:\/\/www.cortonaweb.net\/wp-content\/uploads\/2020\/07\/Davide-Bertuccio-366x275.jpg","carousel-thumb-width":366,"carousel-thumb-height":275,"box-single":"https:\/\/www.cortonaweb.net\/wp-content\/uploads\/2020\/07\/Davide-Bertuccio-512x512.jpg","box-single-width":512,"box-single-height":512,"box-double":"https:\/\/www.cortonaweb.net\/wp-content\/uploads\/2020\/07\/Davide-Bertuccio-512x512.jpg","box-double-width":512,"box-double-height":512,"box-wide":"https:\/\/www.cortonaweb.net\/wp-content\/uploads\/2020\/07\/Davide-Bertuccio-1058x630.jpg","box-wide-width":1058,"box-wide-height":630,"recipe-cover":"https:\/\/www.cortonaweb.net\/wp-content\/uploads\/2020\/07\/Davide-Bertuccio-1035x585.jpg","recipe-cover-width":1035,"recipe-cover-height":585,"recipe-gallery-thumb":"https:\/\/www.cortonaweb.net\/wp-content\/uploads\/2020\/07\/Davide-Bertuccio-325x220.jpg","recipe-gallery-thumb-width":325,"recipe-gallery-thumb-height":220,"event-cover":"https:\/\/www.cortonaweb.net\/wp-content\/uploads\/2020\/07\/Davide-Bertuccio-1035x585.jpg","event-cover-width":1035,"event-cover-height":585,"event-gallery-thumb":"https:\/\/www.cortonaweb.net\/wp-content\/uploads\/2020\/07\/Davide-Bertuccio-370x370.jpg","event-gallery-thumb-width":370,"event-gallery-thumb-height":370,"vendor-cover":"https:\/\/www.cortonaweb.net\/wp-content\/uploads\/2020\/07\/Davide-Bertuccio-1035x585.jpg","vendor-cover-width":1035,"vendor-cover-height":585,"vendor-carousel-thumb":"https:\/\/www.cortonaweb.net\/wp-content\/uploads\/2020\/07\/Davide-Bertuccio-370x280.jpg","vendor-carousel-thumb-width":370,"vendor-carousel-thumb-height":280,"vendor-offer-thumb":"https:\/\/www.cortonaweb.net\/wp-content\/uploads\/2020\/07\/Davide-Bertuccio-370x280.jpg","vendor-offer-thumb-width":370,"vendor-offer-thumb-height":280,"vendor-logo":"https:\/\/www.cortonaweb.net\/wp-content\/uploads\/2020\/07\/Davide-Bertuccio-100x100.jpg","vendor-logo-width":100,"vendor-logo-height":100,"sidebar-thumb":"https:\/\/www.cortonaweb.net\/wp-content\/uploads\/2020\/07\/Davide-Bertuccio-100x70.jpg","sidebar-thumb-width":100,"sidebar-thumb-height":70,"post-cover":"https:\/\/www.cortonaweb.net\/wp-content\/uploads\/2020\/07\/Davide-Bertuccio-1035x585.jpg","post-cover-width":1035,"post-cover-height":585,"category-post-image":"https:\/\/www.cortonaweb.net\/wp-content\/uploads\/2020\/07\/Davide-Bertuccio-550x360.jpg","category-post-image-width":550,"category-post-image-height":360,"listed-box-thumb":"https:\/\/www.cortonaweb.net\/wp-content\/uploads\/2020\/07\/Davide-Bertuccio-550x360.jpg","listed-box-thumb-width":550,"listed-box-thumb-height":360}},{"ID":7108,"id":7108,"title":"Gaia-Squarci","filename":"Gaia-Squarci.jpg","filesize":82840,"url":"https:\/\/www.cortonaweb.net\/wp-content\/uploads\/2020\/07\/Gaia-Squarci.jpg","link":"https:\/\/www.cortonaweb.net\/en\/event\/cortona-on-the-move-2020\/gaia-squarci-2\/","alt":"cotm_2020","author":"88","description":"","caption":"","name":"gaia-squarci-2","status":"inherit","uploaded_to":7153,"date":"2020-07-14 07:36:01","modified":"2020-07-14 07:36:21","menu_order":0,"mime_type":"image\/jpeg","type":"image","subtype":"jpeg","icon":"https:\/\/www.cortonaweb.net\/wp-includes\/images\/media\/default.png","width":600,"height":900,"sizes":{"thumbnail":"https:\/\/www.cortonaweb.net\/wp-content\/uploads\/2020\/07\/Gaia-Squarci-150x150.jpg","thumbnail-width":150,"thumbnail-height":150,"medium":"https:\/\/www.cortonaweb.net\/wp-content\/uploads\/2020\/07\/Gaia-Squarci-200x300.jpg","medium-width":200,"medium-height":300,"medium_large":"https:\/\/www.cortonaweb.net\/wp-content\/uploads\/2020\/07\/Gaia-Squarci.jpg","medium_large-width":600,"medium_large-height":900,"large":"https:\/\/www.cortonaweb.net\/wp-content\/uploads\/2020\/07\/Gaia-Squarci.jpg","large-width":600,"large-height":900,"1536x1536":"https:\/\/www.cortonaweb.net\/wp-content\/uploads\/2020\/07\/Gaia-Squarci.jpg","1536x1536-width":600,"1536x1536-height":900,"2048x2048":"https:\/\/www.cortonaweb.net\/wp-content\/uploads\/2020\/07\/Gaia-Squarci.jpg","2048x2048-width":600,"2048x2048-height":900,"carousel-home-thumb":"https:\/\/www.cortonaweb.net\/wp-content\/uploads\/2020\/07\/Gaia-Squarci-366x275.jpg","carousel-home-thumb-width":366,"carousel-home-thumb-height":275,"carousel-thumb":"https:\/\/www.cortonaweb.net\/wp-content\/uploads\/2020\/07\/Gaia-Squarci-366x275.jpg","carousel-thumb-width":366,"carousel-thumb-height":275,"box-single":"https:\/\/www.cortonaweb.net\/wp-content\/uploads\/2020\/07\/Gaia-Squarci-512x512.jpg","box-single-width":512,"box-single-height":512,"box-double":"https:\/\/www.cortonaweb.net\/wp-content\/uploads\/2020\/07\/Gaia-Squarci-512x512.jpg","box-double-width":512,"box-double-height":512,"box-wide":"https:\/\/www.cortonaweb.net\/wp-content\/uploads\/2020\/07\/Gaia-Squarci-600x630.jpg","box-wide-width":600,"box-wide-height":630,"recipe-cover":"https:\/\/www.cortonaweb.net\/wp-content\/uploads\/2020\/07\/Gaia-Squarci-600x585.jpg","recipe-cover-width":600,"recipe-cover-height":585,"recipe-gallery-thumb":"https:\/\/www.cortonaweb.net\/wp-content\/uploads\/2020\/07\/Gaia-Squarci-325x220.jpg","recipe-gallery-thumb-width":325,"recipe-gallery-thumb-height":220,"event-cover":"https:\/\/www.cortonaweb.net\/wp-content\/uploads\/2020\/07\/Gaia-Squarci-600x585.jpg","event-cover-width":600,"event-cover-height":585,"event-gallery-thumb":"https:\/\/www.cortonaweb.net\/wp-content\/uploads\/2020\/07\/Gaia-Squarci-370x555.jpg","event-gallery-thumb-width":370,"event-gallery-thumb-height":555,"vendor-cover":"https:\/\/www.cortonaweb.net\/wp-content\/uploads\/2020\/07\/Gaia-Squarci-600x585.jpg","vendor-cover-width":600,"vendor-cover-height":585,"vendor-carousel-thumb":"https:\/\/www.cortonaweb.net\/wp-content\/uploads\/2020\/07\/Gaia-Squarci-370x280.jpg","vendor-carousel-thumb-width":370,"vendor-carousel-thumb-height":280,"vendor-offer-thumb":"https:\/\/www.cortonaweb.net\/wp-content\/uploads\/2020\/07\/Gaia-Squarci-370x280.jpg","vendor-offer-thumb-width":370,"vendor-offer-thumb-height":280,"vendor-logo":"https:\/\/www.cortonaweb.net\/wp-content\/uploads\/2020\/07\/Gaia-Squarci-100x100.jpg","vendor-logo-width":100,"vendor-logo-height":100,"sidebar-thumb":"https:\/\/www.cortonaweb.net\/wp-content\/uploads\/2020\/07\/Gaia-Squarci-100x70.jpg","sidebar-thumb-width":100,"sidebar-thumb-height":70,"post-cover":"https:\/\/www.cortonaweb.net\/wp-content\/uploads\/2020\/07\/Gaia-Squarci-600x585.jpg","post-cover-width":600,"post-cover-height":585,"category-post-image":"https:\/\/www.cortonaweb.net\/wp-content\/uploads\/2020\/07\/Gaia-Squarci-550x360.jpg","category-post-image-width":550,"category-post-image-height":360,"listed-box-thumb":"https:\/\/www.cortonaweb.net\/wp-content\/uploads\/2020\/07\/Gaia-Squarci-550x360.jpg","listed-box-thumb-width":550,"listed-box-thumb-height":360}},{"ID":7110,"id":7110,"title":"Michele-Spatari","filename":"Michele-Spatari.jpg","filesize":328459,"url":"https:\/\/www.cortonaweb.net\/wp-content\/uploads\/2020\/07\/Michele-Spatari.jpg","link":"https:\/\/www.cortonaweb.net\/en\/event\/cortona-on-the-move-2020\/michele-spatari-2\/","alt":"cotm_2020","author":"88","description":"","caption":"","name":"michele-spatari-2","status":"inherit","uploaded_to":7153,"date":"2020-07-14 07:36:03","modified":"2020-07-14 07:36:24","menu_order":0,"mime_type":"image\/jpeg","type":"image","subtype":"jpeg","icon":"https:\/\/www.cortonaweb.net\/wp-includes\/images\/media\/default.png","width":1280,"height":854,"sizes":{"thumbnail":"https:\/\/www.cortonaweb.net\/wp-content\/uploads\/2020\/07\/Michele-Spatari-150x150.jpg","thumbnail-width":150,"thumbnail-height":150,"medium":"https:\/\/www.cortonaweb.net\/wp-content\/uploads\/2020\/07\/Michele-Spatari-300x200.jpg","medium-width":300,"medium-height":200,"medium_large":"https:\/\/www.cortonaweb.net\/wp-content\/uploads\/2020\/07\/Michele-Spatari-768x512.jpg","medium_large-width":768,"medium_large-height":512,"large":"https:\/\/www.cortonaweb.net\/wp-content\/uploads\/2020\/07\/Michele-Spatari-1024x683.jpg","large-width":1024,"large-height":683,"1536x1536":"https:\/\/www.cortonaweb.net\/wp-content\/uploads\/2020\/07\/Michele-Spatari.jpg","1536x1536-width":1280,"1536x1536-height":854,"2048x2048":"https:\/\/www.cortonaweb.net\/wp-content\/uploads\/2020\/07\/Michele-Spatari.jpg","2048x2048-width":1280,"2048x2048-height":854,"carousel-home-thumb":"https:\/\/www.cortonaweb.net\/wp-content\/uploads\/2020\/07\/Michele-Spatari-366x275.jpg","carousel-home-thumb-width":366,"carousel-home-thumb-height":275,"carousel-thumb":"https:\/\/www.cortonaweb.net\/wp-content\/uploads\/2020\/07\/Michele-Spatari-366x275.jpg","carousel-thumb-width":366,"carousel-thumb-height":275,"box-single":"https:\/\/www.cortonaweb.net\/wp-content\/uploads\/2020\/07\/Michele-Spatari-512x512.jpg","box-single-width":512,"box-single-height":512,"box-double":"https:\/\/www.cortonaweb.net\/wp-content\/uploads\/2020\/07\/Michele-Spatari-512x512.jpg","box-double-width":512,"box-double-height":512,"box-wide":"https:\/\/www.cortonaweb.net\/wp-content\/uploads\/2020\/07\/Michele-Spatari-1058x630.jpg","box-wide-width":1058,"box-wide-height":630,"recipe-cover":"https:\/\/www.cortonaweb.net\/wp-content\/uploads\/2020\/07\/Michele-Spatari-1035x585.jpg","recipe-cover-width":1035,"recipe-cover-height":585,"recipe-gallery-thumb":"https:\/\/www.cortonaweb.net\/wp-content\/uploads\/2020\/07\/Michele-Spatari-325x220.jpg","recipe-gallery-thumb-width":325,"recipe-gallery-thumb-height":220,"event-cover":"https:\/\/www.cortonaweb.net\/wp-content\/uploads\/2020\/07\/Michele-Spatari-1035x585.jpg","event-cover-width":1035,"event-cover-height":585,"event-gallery-thumb":"https:\/\/www.cortonaweb.net\/wp-content\/uploads\/2020\/07\/Michele-Spatari-370x247.jpg","event-gallery-thumb-width":370,"event-gallery-thumb-height":247,"vendor-cover":"https:\/\/www.cortonaweb.net\/wp-content\/uploads\/2020\/07\/Michele-Spatari-1035x585.jpg","vendor-cover-width":1035,"vendor-cover-height":585,"vendor-carousel-thumb":"https:\/\/www.cortonaweb.net\/wp-content\/uploads\/2020\/07\/Michele-Spatari-370x280.jpg","vendor-carousel-thumb-width":370,"vendor-carousel-thumb-height":280,"vendor-offer-thumb":"https:\/\/www.cortonaweb.net\/wp-content\/uploads\/2020\/07\/Michele-Spatari-370x280.jpg","vendor-offer-thumb-width":370,"vendor-offer-thumb-height":280,"vendor-logo":"https:\/\/www.cortonaweb.net\/wp-content\/uploads\/2020\/07\/Michele-Spatari-100x100.jpg","vendor-logo-width":100,"vendor-logo-height":100,"sidebar-thumb":"https:\/\/www.cortonaweb.net\/wp-content\/uploads\/2020\/07\/Michele-Spatari-100x70.jpg","sidebar-thumb-width":100,"sidebar-thumb-height":70,"post-cover":"https:\/\/www.cortonaweb.net\/wp-content\/uploads\/2020\/07\/Michele-Spatari-1035x585.jpg","post-cover-width":1035,"post-cover-height":585,"category-post-image":"https:\/\/www.cortonaweb.net\/wp-content\/uploads\/2020\/07\/Michele-Spatari-550x360.jpg","category-post-image-width":550,"category-post-image-height":360,"listed-box-thumb":"https:\/\/www.cortonaweb.net\/wp-content\/uploads\/2020\/07\/Michele-Spatari-550x360.jpg","listed-box-thumb-width":550,"listed-box-thumb-height":360}},{"ID":7112,"id":7112,"title":"Mo-Scarpelli","filename":"Mo-Scarpelli.jpg","filesize":176149,"url":"https:\/\/www.cortonaweb.net\/wp-content\/uploads\/2020\/07\/Mo-Scarpelli.jpg","link":"https:\/\/www.cortonaweb.net\/en\/event\/cortona-on-the-move-2020\/mo-scarpelli-2\/","alt":"cotm_2020","author":"88","description":"","caption":"","name":"mo-scarpelli-2","status":"inherit","uploaded_to":7153,"date":"2020-07-14 07:36:07","modified":"2020-07-14 07:36:26","menu_order":0,"mime_type":"image\/jpeg","type":"image","subtype":"jpeg","icon":"https:\/\/www.cortonaweb.net\/wp-includes\/images\/media\/default.png","width":1280,"height":720,"sizes":{"thumbnail":"https:\/\/www.cortonaweb.net\/wp-content\/uploads\/2020\/07\/Mo-Scarpelli-150x150.jpg","thumbnail-width":150,"thumbnail-height":150,"medium":"https:\/\/www.cortonaweb.net\/wp-content\/uploads\/2020\/07\/Mo-Scarpelli-300x169.jpg","medium-width":300,"medium-height":169,"medium_large":"https:\/\/www.cortonaweb.net\/wp-content\/uploads\/2020\/07\/Mo-Scarpelli-768x432.jpg","medium_large-width":768,"medium_large-height":432,"large":"https:\/\/www.cortonaweb.net\/wp-content\/uploads\/2020\/07\/Mo-Scarpelli-1024x576.jpg","large-width":1024,"large-height":576,"1536x1536":"https:\/\/www.cortonaweb.net\/wp-content\/uploads\/2020\/07\/Mo-Scarpelli.jpg","1536x1536-width":1280,"1536x1536-height":720,"2048x2048":"https:\/\/www.cortonaweb.net\/wp-content\/uploads\/2020\/07\/Mo-Scarpelli.jpg","2048x2048-width":1280,"2048x2048-height":720,"carousel-home-thumb":"https:\/\/www.cortonaweb.net\/wp-content\/uploads\/2020\/07\/Mo-Scarpelli-366x275.jpg","carousel-home-thumb-width":366,"carousel-home-thumb-height":275,"carousel-thumb":"https:\/\/www.cortonaweb.net\/wp-content\/uploads\/2020\/07\/Mo-Scarpelli-366x275.jpg","carousel-thumb-width":366,"carousel-thumb-height":275,"box-single":"https:\/\/www.cortonaweb.net\/wp-content\/uploads\/2020\/07\/Mo-Scarpelli-512x512.jpg","box-single-width":512,"box-single-height":512,"box-double":"https:\/\/www.cortonaweb.net\/wp-content\/uploads\/2020\/07\/Mo-Scarpelli-512x512.jpg","box-double-width":512,"box-double-height":512,"box-wide":"https:\/\/www.cortonaweb.net\/wp-content\/uploads\/2020\/07\/Mo-Scarpelli-1058x630.jpg","box-wide-width":1058,"box-wide-height":630,"recipe-cover":"https:\/\/www.cortonaweb.net\/wp-content\/uploads\/2020\/07\/Mo-Scarpelli-1035x585.jpg","recipe-cover-width":1035,"recipe-cover-height":585,"recipe-gallery-thumb":"https:\/\/www.cortonaweb.net\/wp-content\/uploads\/2020\/07\/Mo-Scarpelli-325x220.jpg","recipe-gallery-thumb-width":325,"recipe-gallery-thumb-height":220,"event-cover":"https:\/\/www.cortonaweb.net\/wp-content\/uploads\/2020\/07\/Mo-Scarpelli-1035x585.jpg","event-cover-width":1035,"event-cover-height":585,"event-gallery-thumb":"https:\/\/www.cortonaweb.net\/wp-content\/uploads\/2020\/07\/Mo-Scarpelli-370x208.jpg","event-gallery-thumb-width":370,"event-gallery-thumb-height":208,"vendor-cover":"https:\/\/www.cortonaweb.net\/wp-content\/uploads\/2020\/07\/Mo-Scarpelli-1035x585.jpg","vendor-cover-width":1035,"vendor-cover-height":585,"vendor-carousel-thumb":"https:\/\/www.cortonaweb.net\/wp-content\/uploads\/2020\/07\/Mo-Scarpelli-370x280.jpg","vendor-carousel-thumb-width":370,"vendor-carousel-thumb-height":280,"vendor-offer-thumb":"https:\/\/www.cortonaweb.net\/wp-content\/uploads\/2020\/07\/Mo-Scarpelli-370x280.jpg","vendor-offer-thumb-width":370,"vendor-offer-thumb-height":280,"vendor-logo":"https:\/\/www.cortonaweb.net\/wp-content\/uploads\/2020\/07\/Mo-Scarpelli-100x100.jpg","vendor-logo-width":100,"vendor-logo-height":100,"sidebar-thumb":"https:\/\/www.cortonaweb.net\/wp-content\/uploads\/2020\/07\/Mo-Scarpelli-100x70.jpg","sidebar-thumb-width":100,"sidebar-thumb-height":70,"post-cover":"https:\/\/www.cortonaweb.net\/wp-content\/uploads\/2020\/07\/Mo-Scarpelli-1035x585.jpg","post-cover-width":1035,"post-cover-height":585,"category-post-image":"https:\/\/www.cortonaweb.net\/wp-content\/uploads\/2020\/07\/Mo-Scarpelli-550x360.jpg","category-post-image-width":550,"category-post-image-height":360,"listed-box-thumb":"https:\/\/www.cortonaweb.net\/wp-content\/uploads\/2020\/07\/Mo-Scarpelli-550x360.jpg","listed-box-thumb-width":550,"listed-box-thumb-height":360}},{"ID":7114,"id":7114,"title":"Serena-Vittorini_Press","filename":"Serena-Vittorini_Press.jpg","filesize":109469,"url":"https:\/\/www.cortonaweb.net\/wp-content\/uploads\/2020\/07\/Serena-Vittorini_Press.jpg","link":"https:\/\/www.cortonaweb.net\/en\/event\/cortona-on-the-move-2020\/serena-vittorini_press-2\/","alt":"cotm_2020","author":"88","description":"","caption":"","name":"serena-vittorini_press-2","status":"inherit","uploaded_to":7153,"date":"2020-07-14 07:36:10","modified":"2020-07-14 07:36:28","menu_order":0,"mime_type":"image\/jpeg","type":"image","subtype":"jpeg","icon":"https:\/\/www.cortonaweb.net\/wp-includes\/images\/media\/default.png","width":1280,"height":800,"sizes":{"thumbnail":"https:\/\/www.cortonaweb.net\/wp-content\/uploads\/2020\/07\/Serena-Vittorini_Press-150x150.jpg","thumbnail-width":150,"thumbnail-height":150,"medium":"https:\/\/www.cortonaweb.net\/wp-content\/uploads\/2020\/07\/Serena-Vittorini_Press-300x188.jpg","medium-width":300,"medium-height":188,"medium_large":"https:\/\/www.cortonaweb.net\/wp-content\/uploads\/2020\/07\/Serena-Vittorini_Press-768x480.jpg","medium_large-width":768,"medium_large-height":480,"large":"https:\/\/www.cortonaweb.net\/wp-content\/uploads\/2020\/07\/Serena-Vittorini_Press-1024x640.jpg","large-width":1024,"large-height":640,"1536x1536":"https:\/\/www.cortonaweb.net\/wp-content\/uploads\/2020\/07\/Serena-Vittorini_Press.jpg","1536x1536-width":1280,"1536x1536-height":800,"2048x2048":"https:\/\/www.cortonaweb.net\/wp-content\/uploads\/2020\/07\/Serena-Vittorini_Press.jpg","2048x2048-width":1280,"2048x2048-height":800,"carousel-home-thumb":"https:\/\/www.cortonaweb.net\/wp-content\/uploads\/2020\/07\/Serena-Vittorini_Press-366x275.jpg","carousel-home-thumb-width":366,"carousel-home-thumb-height":275,"carousel-thumb":"https:\/\/www.cortonaweb.net\/wp-content\/uploads\/2020\/07\/Serena-Vittorini_Press-366x275.jpg","carousel-thumb-width":366,"carousel-thumb-height":275,"box-single":"https:\/\/www.cortonaweb.net\/wp-content\/uploads\/2020\/07\/Serena-Vittorini_Press-512x512.jpg","box-single-width":512,"box-single-height":512,"box-double":"https:\/\/www.cortonaweb.net\/wp-content\/uploads\/2020\/07\/Serena-Vittorini_Press-512x512.jpg","box-double-width":512,"box-double-height":512,"box-wide":"https:\/\/www.cortonaweb.net\/wp-content\/uploads\/2020\/07\/Serena-Vittorini_Press-1058x630.jpg","box-wide-width":1058,"box-wide-height":630,"recipe-cover":"https:\/\/www.cortonaweb.net\/wp-content\/uploads\/2020\/07\/Serena-Vittorini_Press-1035x585.jpg","recipe-cover-width":1035,"recipe-cover-height":585,"recipe-gallery-thumb":"https:\/\/www.cortonaweb.net\/wp-content\/uploads\/2020\/07\/Serena-Vittorini_Press-325x220.jpg","recipe-gallery-thumb-width":325,"recipe-gallery-thumb-height":220,"event-cover":"https:\/\/www.cortonaweb.net\/wp-content\/uploads\/2020\/07\/Serena-Vittorini_Press-1035x585.jpg","event-cover-width":1035,"event-cover-height":585,"event-gallery-thumb":"https:\/\/www.cortonaweb.net\/wp-content\/uploads\/2020\/07\/Serena-Vittorini_Press-370x231.jpg","event-gallery-thumb-width":370,"event-gallery-thumb-height":231,"vendor-cover":"https:\/\/www.cortonaweb.net\/wp-content\/uploads\/2020\/07\/Serena-Vittorini_Press-1035x585.jpg","vendor-cover-width":1035,"vendor-cover-height":585,"vendor-carousel-thumb":"https:\/\/www.cortonaweb.net\/wp-content\/uploads\/2020\/07\/Serena-Vittorini_Press-370x280.jpg","vendor-carousel-thumb-width":370,"vendor-carousel-thumb-height":280,"vendor-offer-thumb":"https:\/\/www.cortonaweb.net\/wp-content\/uploads\/2020\/07\/Serena-Vittorini_Press-370x280.jpg","vendor-offer-thumb-width":370,"vendor-offer-thumb-height":280,"vendor-logo":"https:\/\/www.cortonaweb.net\/wp-content\/uploads\/2020\/07\/Serena-Vittorini_Press-100x100.jpg","vendor-logo-width":100,"vendor-logo-height":100,"sidebar-thumb":"https:\/\/www.cortonaweb.net\/wp-content\/uploads\/2020\/07\/Serena-Vittorini_Press-100x70.jpg","sidebar-thumb-width":100,"sidebar-thumb-height":70,"post-cover":"https:\/\/www.cortonaweb.net\/wp-content\/uploads\/2020\/07\/Serena-Vittorini_Press-1035x585.jpg","post-cover-width":1035,"post-cover-height":585,"category-post-image":"https:\/\/www.cortonaweb.net\/wp-content\/uploads\/2020\/07\/Serena-Vittorini_Press-550x360.jpg","category-post-image-width":550,"category-post-image-height":360,"listed-box-thumb":"https:\/\/www.cortonaweb.net\/wp-content\/uploads\/2020\/07\/Serena-Vittorini_Press-550x360.jpg","listed-box-thumb-width":550,"listed-box-thumb-height":360}},{"ID":7116,"id":7116,"title":"Silvia-Bigi","filename":"Silvia-Bigi.jpg","filesize":131886,"url":"https:\/\/www.cortonaweb.net\/wp-content\/uploads\/2020\/07\/Silvia-Bigi.jpg","link":"https:\/\/www.cortonaweb.net\/en\/event\/cortona-on-the-move-2020\/silvia-bigi-2\/","alt":"cotm_2020","author":"88","description":"","caption":"","name":"silvia-bigi-2","status":"inherit","uploaded_to":7153,"date":"2020-07-14 07:36:13","modified":"2020-07-14 07:36:31","menu_order":0,"mime_type":"image\/jpeg","type":"image","subtype":"jpeg","icon":"https:\/\/www.cortonaweb.net\/wp-includes\/images\/media\/default.png","width":599,"height":900,"sizes":{"thumbnail":"https:\/\/www.cortonaweb.net\/wp-content\/uploads\/2020\/07\/Silvia-Bigi-150x150.jpg","thumbnail-width":150,"thumbnail-height":150,"medium":"https:\/\/www.cortonaweb.net\/wp-content\/uploads\/2020\/07\/Silvia-Bigi-200x300.jpg","medium-width":200,"medium-height":300,"medium_large":"https:\/\/www.cortonaweb.net\/wp-content\/uploads\/2020\/07\/Silvia-Bigi.jpg","medium_large-width":599,"medium_large-height":900,"large":"https:\/\/www.cortonaweb.net\/wp-content\/uploads\/2020\/07\/Silvia-Bigi.jpg","large-width":599,"large-height":900,"1536x1536":"https:\/\/www.cortonaweb.net\/wp-content\/uploads\/2020\/07\/Silvia-Bigi.jpg","1536x1536-width":599,"1536x1536-height":900,"2048x2048":"https:\/\/www.cortonaweb.net\/wp-content\/uploads\/2020\/07\/Silvia-Bigi.jpg","2048x2048-width":599,"2048x2048-height":900,"carousel-home-thumb":"https:\/\/www.cortonaweb.net\/wp-content\/uploads\/2020\/07\/Silvia-Bigi-366x275.jpg","carousel-home-thumb-width":366,"carousel-home-thumb-height":275,"carousel-thumb":"https:\/\/www.cortonaweb.net\/wp-content\/uploads\/2020\/07\/Silvia-Bigi-366x275.jpg","carousel-thumb-width":366,"carousel-thumb-height":275,"box-single":"https:\/\/www.cortonaweb.net\/wp-content\/uploads\/2020\/07\/Silvia-Bigi-512x512.jpg","box-single-width":512,"box-single-height":512,"box-double":"https:\/\/www.cortonaweb.net\/wp-content\/uploads\/2020\/07\/Silvia-Bigi-512x512.jpg","box-double-width":512,"box-double-height":512,"box-wide":"https:\/\/www.cortonaweb.net\/wp-content\/uploads\/2020\/07\/Silvia-Bigi-599x630.jpg","box-wide-width":599,"box-wide-height":630,"recipe-cover":"https:\/\/www.cortonaweb.net\/wp-content\/uploads\/2020\/07\/Silvia-Bigi-599x585.jpg","recipe-cover-width":599,"recipe-cover-height":585,"recipe-gallery-thumb":"https:\/\/www.cortonaweb.net\/wp-content\/uploads\/2020\/07\/Silvia-Bigi-325x220.jpg","recipe-gallery-thumb-width":325,"recipe-gallery-thumb-height":220,"event-cover":"https:\/\/www.cortonaweb.net\/wp-content\/uploads\/2020\/07\/Silvia-Bigi-599x585.jpg","event-cover-width":599,"event-cover-height":585,"event-gallery-thumb":"https:\/\/www.cortonaweb.net\/wp-content\/uploads\/2020\/07\/Silvia-Bigi-370x556.jpg","event-gallery-thumb-width":370,"event-gallery-thumb-height":556,"vendor-cover":"https:\/\/www.cortonaweb.net\/wp-content\/uploads\/2020\/07\/Silvia-Bigi-599x585.jpg","vendor-cover-width":599,"vendor-cover-height":585,"vendor-carousel-thumb":"https:\/\/www.cortonaweb.net\/wp-content\/uploads\/2020\/07\/Silvia-Bigi-370x280.jpg","vendor-carousel-thumb-width":370,"vendor-carousel-thumb-height":280,"vendor-offer-thumb":"https:\/\/www.cortonaweb.net\/wp-content\/uploads\/2020\/07\/Silvia-Bigi-370x280.jpg","vendor-offer-thumb-width":370,"vendor-offer-thumb-height":280,"vendor-logo":"https:\/\/www.cortonaweb.net\/wp-content\/uploads\/2020\/07\/Silvia-Bigi-100x100.jpg","vendor-logo-width":100,"vendor-logo-height":100,"sidebar-thumb":"https:\/\/www.cortonaweb.net\/wp-content\/uploads\/2020\/07\/Silvia-Bigi-100x70.jpg","sidebar-thumb-width":100,"sidebar-thumb-height":70,"post-cover":"https:\/\/www.cortonaweb.net\/wp-content\/uploads\/2020\/07\/Silvia-Bigi-599x585.jpg","post-cover-width":599,"post-cover-height":585,"category-post-image":"https:\/\/www.cortonaweb.net\/wp-content\/uploads\/2020\/07\/Silvia-Bigi-550x360.jpg","category-post-image-width":550,"category-post-image-height":360,"listed-box-thumb":"https:\/\/www.cortonaweb.net\/wp-content\/uploads\/2020\/07\/Silvia-Bigi-550x360.jpg","listed-box-thumb-width":550,"listed-box-thumb-height":360}},{"ID":7118,"id":7118,"title":"Edoardo-Delille","filename":"Edoardo-Delille.jpg","filesize":238937,"url":"https:\/\/www.cortonaweb.net\/wp-content\/uploads\/2020\/07\/Edoardo-Delille.jpg","link":"https:\/\/www.cortonaweb.net\/en\/event\/cortona-on-the-move-2020\/edoardo-delille-2\/","alt":"cotm_2020","author":"88","description":"","caption":"","name":"edoardo-delille-2","status":"inherit","uploaded_to":7153,"date":"2020-07-14 07:36:16","modified":"2020-07-14 07:36:33","menu_order":0,"mime_type":"image\/jpeg","type":"image","subtype":"jpeg","icon":"https:\/\/www.cortonaweb.net\/wp-includes\/images\/media\/default.png","width":1280,"height":853,"sizes":{"thumbnail":"https:\/\/www.cortonaweb.net\/wp-content\/uploads\/2020\/07\/Edoardo-Delille-150x150.jpg","thumbnail-width":150,"thumbnail-height":150,"medium":"https:\/\/www.cortonaweb.net\/wp-content\/uploads\/2020\/07\/Edoardo-Delille-300x200.jpg","medium-width":300,"medium-height":200,"medium_large":"https:\/\/www.cortonaweb.net\/wp-content\/uploads\/2020\/07\/Edoardo-Delille-768x512.jpg","medium_large-width":768,"medium_large-height":512,"large":"https:\/\/www.cortonaweb.net\/wp-content\/uploads\/2020\/07\/Edoardo-Delille-1024x682.jpg","large-width":1024,"large-height":682,"1536x1536":"https:\/\/www.cortonaweb.net\/wp-content\/uploads\/2020\/07\/Edoardo-Delille.jpg","1536x1536-width":1280,"1536x1536-height":853,"2048x2048":"https:\/\/www.cortonaweb.net\/wp-content\/uploads\/2020\/07\/Edoardo-Delille.jpg","2048x2048-width":1280,"2048x2048-height":853,"carousel-home-thumb":"https:\/\/www.cortonaweb.net\/wp-content\/uploads\/2020\/07\/Edoardo-Delille-366x275.jpg","carousel-home-thumb-width":366,"carousel-home-thumb-height":275,"carousel-thumb":"https:\/\/www.cortonaweb.net\/wp-content\/uploads\/2020\/07\/Edoardo-Delille-366x275.jpg","carousel-thumb-width":366,"carousel-thumb-height":275,"box-single":"https:\/\/www.cortonaweb.net\/wp-content\/uploads\/2020\/07\/Edoardo-Delille-512x512.jpg","box-single-width":512,"box-single-height":512,"box-double":"https:\/\/www.cortonaweb.net\/wp-content\/uploads\/2020\/07\/Edoardo-Delille-512x512.jpg","box-double-width":512,"box-double-height":512,"box-wide":"https:\/\/www.cortonaweb.net\/wp-content\/uploads\/2020\/07\/Edoardo-Delille-1058x630.jpg","box-wide-width":1058,"box-wide-height":630,"recipe-cover":"https:\/\/www.cortonaweb.net\/wp-content\/uploads\/2020\/07\/Edoardo-Delille-1035x585.jpg","recipe-cover-width":1035,"recipe-cover-height":585,"recipe-gallery-thumb":"https:\/\/www.cortonaweb.net\/wp-content\/uploads\/2020\/07\/Edoardo-Delille-325x220.jpg","recipe-gallery-thumb-width":325,"recipe-gallery-thumb-height":220,"event-cover":"https:\/\/www.cortonaweb.net\/wp-content\/uploads\/2020\/07\/Edoardo-Delille-1035x585.jpg","event-cover-width":1035,"event-cover-height":585,"event-gallery-thumb":"https:\/\/www.cortonaweb.net\/wp-content\/uploads\/2020\/07\/Edoardo-Delille-370x247.jpg","event-gallery-thumb-width":370,"event-gallery-thumb-height":247,"vendor-cover":"https:\/\/www.cortonaweb.net\/wp-content\/uploads\/2020\/07\/Edoardo-Delille-1035x585.jpg","vendor-cover-width":1035,"vendor-cover-height":585,"vendor-carousel-thumb":"https:\/\/www.cortonaweb.net\/wp-content\/uploads\/2020\/07\/Edoardo-Delille-370x280.jpg","vendor-carousel-thumb-width":370,"vendor-carousel-thumb-height":280,"vendor-offer-thumb":"https:\/\/www.cortonaweb.net\/wp-content\/uploads\/2020\/07\/Edoardo-Delille-370x280.jpg","vendor-offer-thumb-width":370,"vendor-offer-thumb-height":280,"vendor-logo":"https:\/\/www.cortonaweb.net\/wp-content\/uploads\/2020\/07\/Edoardo-Delille-100x100.jpg","vendor-logo-width":100,"vendor-logo-height":100,"sidebar-thumb":"https:\/\/www.cortonaweb.net\/wp-content\/uploads\/2020\/07\/Edoardo-Delille-100x70.jpg","sidebar-thumb-width":100,"sidebar-thumb-height":70,"post-cover":"https:\/\/www.cortonaweb.net\/wp-content\/uploads\/2020\/07\/Edoardo-Delille-1035x585.jpg","post-cover-width":1035,"post-cover-height":585,"category-post-image":"https:\/\/www.cortonaweb.net\/wp-content\/uploads\/2020\/07\/Edoardo-Delille-550x360.jpg","category-post-image-width":550,"category-post-image-height":360,"listed-box-thumb":"https:\/\/www.cortonaweb.net\/wp-content\/uploads\/2020\/07\/Edoardo-Delille-550x360.jpg","listed-box-thumb-width":550,"listed-box-thumb-height":360}},{"ID":7120,"id":7120,"title":"Stars_Gone","filename":"Stars_Gone.jpg","filesize":301850,"url":"https:\/\/www.cortonaweb.net\/wp-content\/uploads\/2020\/07\/Stars_Gone.jpg","link":"https:\/\/www.cortonaweb.net\/en\/event\/cortona-on-the-move-2020\/stars_gone-2\/","alt":"cotm_2020","author":"88","description":"","caption":"","name":"stars_gone-2","status":"inherit","uploaded_to":7153,"date":"2020-07-14 07:36:19","modified":"2020-07-14 07:36:36","menu_order":0,"mime_type":"image\/jpeg","type":"image","subtype":"jpeg","icon":"https:\/\/www.cortonaweb.net\/wp-includes\/images\/media\/default.png","width":1080,"height":960,"sizes":{"thumbnail":"https:\/\/www.cortonaweb.net\/wp-content\/uploads\/2020\/07\/Stars_Gone-150x150.jpg","thumbnail-width":150,"thumbnail-height":150,"medium":"https:\/\/www.cortonaweb.net\/wp-content\/uploads\/2020\/07\/Stars_Gone-300x267.jpg","medium-width":300,"medium-height":267,"medium_large":"https:\/\/www.cortonaweb.net\/wp-content\/uploads\/2020\/07\/Stars_Gone-768x683.jpg","medium_large-width":768,"medium_large-height":683,"large":"https:\/\/www.cortonaweb.net\/wp-content\/uploads\/2020\/07\/Stars_Gone-1024x910.jpg","large-width":1024,"large-height":910,"1536x1536":"https:\/\/www.cortonaweb.net\/wp-content\/uploads\/2020\/07\/Stars_Gone.jpg","1536x1536-width":1080,"1536x1536-height":960,"2048x2048":"https:\/\/www.cortonaweb.net\/wp-content\/uploads\/2020\/07\/Stars_Gone.jpg","2048x2048-width":1080,"2048x2048-height":960,"carousel-home-thumb":"https:\/\/www.cortonaweb.net\/wp-content\/uploads\/2020\/07\/Stars_Gone-366x275.jpg","carousel-home-thumb-width":366,"carousel-home-thumb-height":275,"carousel-thumb":"https:\/\/www.cortonaweb.net\/wp-content\/uploads\/2020\/07\/Stars_Gone-366x275.jpg","carousel-thumb-width":366,"carousel-thumb-height":275,"box-single":"https:\/\/www.cortonaweb.net\/wp-content\/uploads\/2020\/07\/Stars_Gone-512x512.jpg","box-single-width":512,"box-single-height":512,"box-double":"https:\/\/www.cortonaweb.net\/wp-content\/uploads\/2020\/07\/Stars_Gone-512x512.jpg","box-double-width":512,"box-double-height":512,"box-wide":"https:\/\/www.cortonaweb.net\/wp-content\/uploads\/2020\/07\/Stars_Gone-1058x630.jpg","box-wide-width":1058,"box-wide-height":630,"recipe-cover":"https:\/\/www.cortonaweb.net\/wp-content\/uploads\/2020\/07\/Stars_Gone-1035x585.jpg","recipe-cover-width":1035,"recipe-cover-height":585,"recipe-gallery-thumb":"https:\/\/www.cortonaweb.net\/wp-content\/uploads\/2020\/07\/Stars_Gone-325x220.jpg","recipe-gallery-thumb-width":325,"recipe-gallery-thumb-height":220,"event-cover":"https:\/\/www.cortonaweb.net\/wp-content\/uploads\/2020\/07\/Stars_Gone-1035x585.jpg","event-cover-width":1035,"event-cover-height":585,"event-gallery-thumb":"https:\/\/www.cortonaweb.net\/wp-content\/uploads\/2020\/07\/Stars_Gone-370x329.jpg","event-gallery-thumb-width":370,"event-gallery-thumb-height":329,"vendor-cover":"https:\/\/www.cortonaweb.net\/wp-content\/uploads\/2020\/07\/Stars_Gone-1035x585.jpg","vendor-cover-width":1035,"vendor-cover-height":585,"vendor-carousel-thumb":"https:\/\/www.cortonaweb.net\/wp-content\/uploads\/2020\/07\/Stars_Gone-370x280.jpg","vendor-carousel-thumb-width":370,"vendor-carousel-thumb-height":280,"vendor-offer-thumb":"https:\/\/www.cortonaweb.net\/wp-content\/uploads\/2020\/07\/Stars_Gone-370x280.jpg","vendor-offer-thumb-width":370,"vendor-offer-thumb-height":280,"vendor-logo":"https:\/\/www.cortonaweb.net\/wp-content\/uploads\/2020\/07\/Stars_Gone-100x100.jpg","vendor-logo-width":100,"vendor-logo-height":100,"sidebar-thumb":"https:\/\/www.cortonaweb.net\/wp-content\/uploads\/2020\/07\/Stars_Gone-100x70.jpg","sidebar-thumb-width":100,"sidebar-thumb-height":70,"post-cover":"https:\/\/www.cortonaweb.net\/wp-content\/uploads\/2020\/07\/Stars_Gone-1035x585.jpg","post-cover-width":1035,"post-cover-height":585,"category-post-image":"https:\/\/www.cortonaweb.net\/wp-content\/uploads\/2020\/07\/Stars_Gone-550x360.jpg","category-post-image-width":550,"category-post-image-height":360,"listed-box-thumb":"https:\/\/www.cortonaweb.net\/wp-content\/uploads\/2020\/07\/Stars_Gone-550x360.jpg","listed-box-thumb-width":550,"listed-box-thumb-height":360}},{"ID":7124,"id":7124,"title":"Daniel-Etter","filename":"Daniel-Etter.jpg","filesize":69609,"url":"https:\/\/www.cortonaweb.net\/wp-content\/uploads\/2020\/07\/Daniel-Etter.jpg","link":"https:\/\/www.cortonaweb.net\/en\/event\/cortona-on-the-move-2020\/daniel-etter-2\/","alt":"eventi a cortona","author":"88","description":"","caption":"","name":"daniel-etter-2","status":"inherit","uploaded_to":7153,"date":"2020-07-14 07:36:26","modified":"2020-07-14 07:36:46","menu_order":0,"mime_type":"image\/jpeg","type":"image","subtype":"jpeg","icon":"https:\/\/www.cortonaweb.net\/wp-includes\/images\/media\/default.png","width":600,"height":900,"sizes":{"thumbnail":"https:\/\/www.cortonaweb.net\/wp-content\/uploads\/2020\/07\/Daniel-Etter-150x150.jpg","thumbnail-width":150,"thumbnail-height":150,"medium":"https:\/\/www.cortonaweb.net\/wp-content\/uploads\/2020\/07\/Daniel-Etter-200x300.jpg","medium-width":200,"medium-height":300,"medium_large":"https:\/\/www.cortonaweb.net\/wp-content\/uploads\/2020\/07\/Daniel-Etter.jpg","medium_large-width":600,"medium_large-height":900,"large":"https:\/\/www.cortonaweb.net\/wp-content\/uploads\/2020\/07\/Daniel-Etter.jpg","large-width":600,"large-height":900,"1536x1536":"https:\/\/www.cortonaweb.net\/wp-content\/uploads\/2020\/07\/Daniel-Etter.jpg","1536x1536-width":600,"1536x1536-height":900,"2048x2048":"https:\/\/www.cortonaweb.net\/wp-content\/uploads\/2020\/07\/Daniel-Etter.jpg","2048x2048-width":600,"2048x2048-height":900,"carousel-home-thumb":"https:\/\/www.cortonaweb.net\/wp-content\/uploads\/2020\/07\/Daniel-Etter-366x275.jpg","carousel-home-thumb-width":366,"carousel-home-thumb-height":275,"carousel-thumb":"https:\/\/www.cortonaweb.net\/wp-content\/uploads\/2020\/07\/Daniel-Etter-366x275.jpg","carousel-thumb-width":366,"carousel-thumb-height":275,"box-single":"https:\/\/www.cortonaweb.net\/wp-content\/uploads\/2020\/07\/Daniel-Etter-512x512.jpg","box-single-width":512,"box-single-height":512,"box-double":"https:\/\/www.cortonaweb.net\/wp-content\/uploads\/2020\/07\/Daniel-Etter-512x512.jpg","box-double-width":512,"box-double-height":512,"box-wide":"https:\/\/www.cortonaweb.net\/wp-content\/uploads\/2020\/07\/Daniel-Etter-600x630.jpg","box-wide-width":600,"box-wide-height":630,"recipe-cover":"https:\/\/www.cortonaweb.net\/wp-content\/uploads\/2020\/07\/Daniel-Etter-600x585.jpg","recipe-cover-width":600,"recipe-cover-height":585,"recipe-gallery-thumb":"https:\/\/www.cortonaweb.net\/wp-content\/uploads\/2020\/07\/Daniel-Etter-325x220.jpg","recipe-gallery-thumb-width":325,"recipe-gallery-thumb-height":220,"event-cover":"https:\/\/www.cortonaweb.net\/wp-content\/uploads\/2020\/07\/Daniel-Etter-600x585.jpg","event-cover-width":600,"event-cover-height":585,"event-gallery-thumb":"https:\/\/www.cortonaweb.net\/wp-content\/uploads\/2020\/07\/Daniel-Etter-370x555.jpg","event-gallery-thumb-width":370,"event-gallery-thumb-height":555,"vendor-cover":"https:\/\/www.cortonaweb.net\/wp-content\/uploads\/2020\/07\/Daniel-Etter-600x585.jpg","vendor-cover-width":600,"vendor-cover-height":585,"vendor-carousel-thumb":"https:\/\/www.cortonaweb.net\/wp-content\/uploads\/2020\/07\/Daniel-Etter-370x280.jpg","vendor-carousel-thumb-width":370,"vendor-carousel-thumb-height":280,"vendor-offer-thumb":"https:\/\/www.cortonaweb.net\/wp-content\/uploads\/2020\/07\/Daniel-Etter-370x280.jpg","vendor-offer-thumb-width":370,"vendor-offer-thumb-height":280,"vendor-logo":"https:\/\/www.cortonaweb.net\/wp-content\/uploads\/2020\/07\/Daniel-Etter-100x100.jpg","vendor-logo-width":100,"vendor-logo-height":100,"sidebar-thumb":"https:\/\/www.cortonaweb.net\/wp-content\/uploads\/2020\/07\/Daniel-Etter-100x70.jpg","sidebar-thumb-width":100,"sidebar-thumb-height":70,"post-cover":"https:\/\/www.cortonaweb.net\/wp-content\/uploads\/2020\/07\/Daniel-Etter-600x585.jpg","post-cover-width":600,"post-cover-height":585,"category-post-image":"https:\/\/www.cortonaweb.net\/wp-content\/uploads\/2020\/07\/Daniel-Etter-550x360.jpg","category-post-image-width":550,"category-post-image-height":360,"listed-box-thumb":"https:\/\/www.cortonaweb.net\/wp-content\/uploads\/2020\/07\/Daniel-Etter-550x360.jpg","listed-box-thumb-width":550,"listed-box-thumb-height":360}},{"ID":7126,"id":7126,"title":"Gideon-Mendel","filename":"Gideon-Mendel.jpg","filesize":336723,"url":"https:\/\/www.cortonaweb.net\/wp-content\/uploads\/2020\/07\/Gideon-Mendel.jpg","link":"https:\/\/www.cortonaweb.net\/en\/event\/cortona-on-the-move-2020\/gideon-mendel-3-2\/","alt":"eventi a cortona","author":"88","description":"","caption":"","name":"gideon-mendel-3-2","status":"inherit","uploaded_to":7153,"date":"2020-07-14 07:36:28","modified":"2020-07-14 07:36:48","menu_order":0,"mime_type":"image\/jpeg","type":"image","subtype":"jpeg","icon":"https:\/\/www.cortonaweb.net\/wp-includes\/images\/media\/default.png","width":1280,"height":1023,"sizes":{"thumbnail":"https:\/\/www.cortonaweb.net\/wp-content\/uploads\/2020\/07\/Gideon-Mendel-150x150.jpg","thumbnail-width":150,"thumbnail-height":150,"medium":"https:\/\/www.cortonaweb.net\/wp-content\/uploads\/2020\/07\/Gideon-Mendel-300x240.jpg","medium-width":300,"medium-height":240,"medium_large":"https:\/\/www.cortonaweb.net\/wp-content\/uploads\/2020\/07\/Gideon-Mendel-768x614.jpg","medium_large-width":768,"medium_large-height":614,"large":"https:\/\/www.cortonaweb.net\/wp-content\/uploads\/2020\/07\/Gideon-Mendel-1024x818.jpg","large-width":1024,"large-height":818,"1536x1536":"https:\/\/www.cortonaweb.net\/wp-content\/uploads\/2020\/07\/Gideon-Mendel.jpg","1536x1536-width":1280,"1536x1536-height":1023,"2048x2048":"https:\/\/www.cortonaweb.net\/wp-content\/uploads\/2020\/07\/Gideon-Mendel.jpg","2048x2048-width":1280,"2048x2048-height":1023,"carousel-home-thumb":"https:\/\/www.cortonaweb.net\/wp-content\/uploads\/2020\/07\/Gideon-Mendel-366x275.jpg","carousel-home-thumb-width":366,"carousel-home-thumb-height":275,"carousel-thumb":"https:\/\/www.cortonaweb.net\/wp-content\/uploads\/2020\/07\/Gideon-Mendel-366x275.jpg","carousel-thumb-width":366,"carousel-thumb-height":275,"box-single":"https:\/\/www.cortonaweb.net\/wp-content\/uploads\/2020\/07\/Gideon-Mendel-512x512.jpg","box-single-width":512,"box-single-height":512,"box-double":"https:\/\/www.cortonaweb.net\/wp-content\/uploads\/2020\/07\/Gideon-Mendel-512x512.jpg","box-double-width":512,"box-double-height":512,"box-wide":"https:\/\/www.cortonaweb.net\/wp-content\/uploads\/2020\/07\/Gideon-Mendel-1058x630.jpg","box-wide-width":1058,"box-wide-height":630,"recipe-cover":"https:\/\/www.cortonaweb.net\/wp-content\/uploads\/2020\/07\/Gideon-Mendel-1035x585.jpg","recipe-cover-width":1035,"recipe-cover-height":585,"recipe-gallery-thumb":"https:\/\/www.cortonaweb.net\/wp-content\/uploads\/2020\/07\/Gideon-Mendel-325x220.jpg","recipe-gallery-thumb-width":325,"recipe-gallery-thumb-height":220,"event-cover":"https:\/\/www.cortonaweb.net\/wp-content\/uploads\/2020\/07\/Gideon-Mendel-1035x585.jpg","event-cover-width":1035,"event-cover-height":585,"event-gallery-thumb":"https:\/\/www.cortonaweb.net\/wp-content\/uploads\/2020\/07\/Gideon-Mendel-370x296.jpg","event-gallery-thumb-width":370,"event-gallery-thumb-height":296,"vendor-cover":"https:\/\/www.cortonaweb.net\/wp-content\/uploads\/2020\/07\/Gideon-Mendel-1035x585.jpg","vendor-cover-width":1035,"vendor-cover-height":585,"vendor-carousel-thumb":"https:\/\/www.cortonaweb.net\/wp-content\/uploads\/2020\/07\/Gideon-Mendel-370x280.jpg","vendor-carousel-thumb-width":370,"vendor-carousel-thumb-height":280,"vendor-offer-thumb":"https:\/\/www.cortonaweb.net\/wp-content\/uploads\/2020\/07\/Gideon-Mendel-370x280.jpg","vendor-offer-thumb-width":370,"vendor-offer-thumb-height":280,"vendor-logo":"https:\/\/www.cortonaweb.net\/wp-content\/uploads\/2020\/07\/Gideon-Mendel-100x100.jpg","vendor-logo-width":100,"vendor-logo-height":100,"sidebar-thumb":"https:\/\/www.cortonaweb.net\/wp-content\/uploads\/2020\/07\/Gideon-Mendel-100x70.jpg","sidebar-thumb-width":100,"sidebar-thumb-height":70,"post-cover":"https:\/\/www.cortonaweb.net\/wp-content\/uploads\/2020\/07\/Gideon-Mendel-1035x585.jpg","post-cover-width":1035,"post-cover-height":585,"category-post-image":"https:\/\/www.cortonaweb.net\/wp-content\/uploads\/2020\/07\/Gideon-Mendel-550x360.jpg","category-post-image-width":550,"category-post-image-height":360,"listed-box-thumb":"https:\/\/www.cortonaweb.net\/wp-content\/uploads\/2020\/07\/Gideon-Mendel-550x360.jpg","listed-box-thumb-width":550,"listed-box-thumb-height":360}},{"ID":7128,"id":7128,"title":"Luis-Cobelo","filename":"Luis-Cobelo.jpg","filesize":334421,"url":"https:\/\/www.cortonaweb.net\/wp-content\/uploads\/2020\/07\/Luis-Cobelo.jpg","link":"https:\/\/www.cortonaweb.net\/en\/event\/cortona-on-the-move-2020\/luis-cobelo-2\/","alt":"eventi a cortona","author":"88","description":"","caption":"","name":"luis-cobelo-2","status":"inherit","uploaded_to":7153,"date":"2020-07-14 07:36:33","modified":"2020-07-14 07:36:50","menu_order":0,"mime_type":"image\/jpeg","type":"image","subtype":"jpeg","icon":"https:\/\/www.cortonaweb.net\/wp-includes\/images\/media\/default.png","width":1280,"height":1280,"sizes":{"thumbnail":"https:\/\/www.cortonaweb.net\/wp-content\/uploads\/2020\/07\/Luis-Cobelo-150x150.jpg","thumbnail-width":150,"thumbnail-height":150,"medium":"https:\/\/www.cortonaweb.net\/wp-content\/uploads\/2020\/07\/Luis-Cobelo-300x300.jpg","medium-width":300,"medium-height":300,"medium_large":"https:\/\/www.cortonaweb.net\/wp-content\/uploads\/2020\/07\/Luis-Cobelo-768x768.jpg","medium_large-width":768,"medium_large-height":768,"large":"https:\/\/www.cortonaweb.net\/wp-content\/uploads\/2020\/07\/Luis-Cobelo-1024x1024.jpg","large-width":1024,"large-height":1024,"1536x1536":"https:\/\/www.cortonaweb.net\/wp-content\/uploads\/2020\/07\/Luis-Cobelo.jpg","1536x1536-width":1280,"1536x1536-height":1280,"2048x2048":"https:\/\/www.cortonaweb.net\/wp-content\/uploads\/2020\/07\/Luis-Cobelo.jpg","2048x2048-width":1280,"2048x2048-height":1280,"carousel-home-thumb":"https:\/\/www.cortonaweb.net\/wp-content\/uploads\/2020\/07\/Luis-Cobelo-366x275.jpg","carousel-home-thumb-width":366,"carousel-home-thumb-height":275,"carousel-thumb":"https:\/\/www.cortonaweb.net\/wp-content\/uploads\/2020\/07\/Luis-Cobelo-366x275.jpg","carousel-thumb-width":366,"carousel-thumb-height":275,"box-single":"https:\/\/www.cortonaweb.net\/wp-content\/uploads\/2020\/07\/Luis-Cobelo-512x512.jpg","box-single-width":512,"box-single-height":512,"box-double":"https:\/\/www.cortonaweb.net\/wp-content\/uploads\/2020\/07\/Luis-Cobelo-512x512.jpg","box-double-width":512,"box-double-height":512,"box-wide":"https:\/\/www.cortonaweb.net\/wp-content\/uploads\/2020\/07\/Luis-Cobelo-1058x630.jpg","box-wide-width":1058,"box-wide-height":630,"recipe-cover":"https:\/\/www.cortonaweb.net\/wp-content\/uploads\/2020\/07\/Luis-Cobelo-1035x585.jpg","recipe-cover-width":1035,"recipe-cover-height":585,"recipe-gallery-thumb":"https:\/\/www.cortonaweb.net\/wp-content\/uploads\/2020\/07\/Luis-Cobelo-325x220.jpg","recipe-gallery-thumb-width":325,"recipe-gallery-thumb-height":220,"event-cover":"https:\/\/www.cortonaweb.net\/wp-content\/uploads\/2020\/07\/Luis-Cobelo-1035x585.jpg","event-cover-width":1035,"event-cover-height":585,"event-gallery-thumb":"https:\/\/www.cortonaweb.net\/wp-content\/uploads\/2020\/07\/Luis-Cobelo-370x370.jpg","event-gallery-thumb-width":370,"event-gallery-thumb-height":370,"vendor-cover":"https:\/\/www.cortonaweb.net\/wp-content\/uploads\/2020\/07\/Luis-Cobelo-1035x585.jpg","vendor-cover-width":1035,"vendor-cover-height":585,"vendor-carousel-thumb":"https:\/\/www.cortonaweb.net\/wp-content\/uploads\/2020\/07\/Luis-Cobelo-370x280.jpg","vendor-carousel-thumb-width":370,"vendor-carousel-thumb-height":280,"vendor-offer-thumb":"https:\/\/www.cortonaweb.net\/wp-content\/uploads\/2020\/07\/Luis-Cobelo-370x280.jpg","vendor-offer-thumb-width":370,"vendor-offer-thumb-height":280,"vendor-logo":"https:\/\/www.cortonaweb.net\/wp-content\/uploads\/2020\/07\/Luis-Cobelo-100x100.jpg","vendor-logo-width":100,"vendor-logo-height":100,"sidebar-thumb":"https:\/\/www.cortonaweb.net\/wp-content\/uploads\/2020\/07\/Luis-Cobelo-100x70.jpg","sidebar-thumb-width":100,"sidebar-thumb-height":70,"post-cover":"https:\/\/www.cortonaweb.net\/wp-content\/uploads\/2020\/07\/Luis-Cobelo-1035x585.jpg","post-cover-width":1035,"post-cover-height":585,"category-post-image":"https:\/\/www.cortonaweb.net\/wp-content\/uploads\/2020\/07\/Luis-Cobelo-550x360.jpg","category-post-image-width":550,"category-post-image-height":360,"listed-box-thumb":"https:\/\/www.cortonaweb.net\/wp-content\/uploads\/2020\/07\/Luis-Cobelo-550x360.jpg","listed-box-thumb-width":550,"listed-box-thumb-height":360}},{"ID":7130,"id":7130,"title":"Nanna-Heitmann_Magnum","filename":"Nanna-Heitmann_Magnum.jpg","filesize":244133,"url":"https:\/\/www.cortonaweb.net\/wp-content\/uploads\/2020\/07\/Nanna-Heitmann_Magnum.jpg","link":"https:\/\/www.cortonaweb.net\/en\/event\/cortona-on-the-move-2020\/nanna-heitmann_magnum-2\/","alt":"eventi a cortona","author":"88","description":"","caption":"","name":"nanna-heitmann_magnum-2","status":"inherit","uploaded_to":7153,"date":"2020-07-14 07:36:36","modified":"2020-07-14 07:36:52","menu_order":0,"mime_type":"image\/jpeg","type":"image","subtype":"jpeg","icon":"https:\/\/www.cortonaweb.net\/wp-includes\/images\/media\/default.png","width":1280,"height":1023,"sizes":{"thumbnail":"https:\/\/www.cortonaweb.net\/wp-content\/uploads\/2020\/07\/Nanna-Heitmann_Magnum-150x150.jpg","thumbnail-width":150,"thumbnail-height":150,"medium":"https:\/\/www.cortonaweb.net\/wp-content\/uploads\/2020\/07\/Nanna-Heitmann_Magnum-300x240.jpg","medium-width":300,"medium-height":240,"medium_large":"https:\/\/www.cortonaweb.net\/wp-content\/uploads\/2020\/07\/Nanna-Heitmann_Magnum-768x614.jpg","medium_large-width":768,"medium_large-height":614,"large":"https:\/\/www.cortonaweb.net\/wp-content\/uploads\/2020\/07\/Nanna-Heitmann_Magnum-1024x818.jpg","large-width":1024,"large-height":818,"1536x1536":"https:\/\/www.cortonaweb.net\/wp-content\/uploads\/2020\/07\/Nanna-Heitmann_Magnum.jpg","1536x1536-width":1280,"1536x1536-height":1023,"2048x2048":"https:\/\/www.cortonaweb.net\/wp-content\/uploads\/2020\/07\/Nanna-Heitmann_Magnum.jpg","2048x2048-width":1280,"2048x2048-height":1023,"carousel-home-thumb":"https:\/\/www.cortonaweb.net\/wp-content\/uploads\/2020\/07\/Nanna-Heitmann_Magnum-366x275.jpg","carousel-home-thumb-width":366,"carousel-home-thumb-height":275,"carousel-thumb":"https:\/\/www.cortonaweb.net\/wp-content\/uploads\/2020\/07\/Nanna-Heitmann_Magnum-366x275.jpg","carousel-thumb-width":366,"carousel-thumb-height":275,"box-single":"https:\/\/www.cortonaweb.net\/wp-content\/uploads\/2020\/07\/Nanna-Heitmann_Magnum-512x512.jpg","box-single-width":512,"box-single-height":512,"box-double":"https:\/\/www.cortonaweb.net\/wp-content\/uploads\/2020\/07\/Nanna-Heitmann_Magnum-512x512.jpg","box-double-width":512,"box-double-height":512,"box-wide":"https:\/\/www.cortonaweb.net\/wp-content\/uploads\/2020\/07\/Nanna-Heitmann_Magnum-1058x630.jpg","box-wide-width":1058,"box-wide-height":630,"recipe-cover":"https:\/\/www.cortonaweb.net\/wp-content\/uploads\/2020\/07\/Nanna-Heitmann_Magnum-1035x585.jpg","recipe-cover-width":1035,"recipe-cover-height":585,"recipe-gallery-thumb":"https:\/\/www.cortonaweb.net\/wp-content\/uploads\/2020\/07\/Nanna-Heitmann_Magnum-325x220.jpg","recipe-gallery-thumb-width":325,"recipe-gallery-thumb-height":220,"event-cover":"https:\/\/www.cortonaweb.net\/wp-content\/uploads\/2020\/07\/Nanna-Heitmann_Magnum-1035x585.jpg","event-cover-width":1035,"event-cover-height":585,"event-gallery-thumb":"https:\/\/www.cortonaweb.net\/wp-content\/uploads\/2020\/07\/Nanna-Heitmann_Magnum-370x296.jpg","event-gallery-thumb-width":370,"event-gallery-thumb-height":296,"vendor-cover":"https:\/\/www.cortonaweb.net\/wp-content\/uploads\/2020\/07\/Nanna-Heitmann_Magnum-1035x585.jpg","vendor-cover-width":1035,"vendor-cover-height":585,"vendor-carousel-thumb":"https:\/\/www.cortonaweb.net\/wp-content\/uploads\/2020\/07\/Nanna-Heitmann_Magnum-370x280.jpg","vendor-carousel-thumb-width":370,"vendor-carousel-thumb-height":280,"vendor-offer-thumb":"https:\/\/www.cortonaweb.net\/wp-content\/uploads\/2020\/07\/Nanna-Heitmann_Magnum-370x280.jpg","vendor-offer-thumb-width":370,"vendor-offer-thumb-height":280,"vendor-logo":"https:\/\/www.cortonaweb.net\/wp-content\/uploads\/2020\/07\/Nanna-Heitmann_Magnum-100x100.jpg","vendor-logo-width":100,"vendor-logo-height":100,"sidebar-thumb":"https:\/\/www.cortonaweb.net\/wp-content\/uploads\/2020\/07\/Nanna-Heitmann_Magnum-100x70.jpg","sidebar-thumb-width":100,"sidebar-thumb-height":70,"post-cover":"https:\/\/www.cortonaweb.net\/wp-content\/uploads\/2020\/07\/Nanna-Heitmann_Magnum-1035x585.jpg","post-cover-width":1035,"post-cover-height":585,"category-post-image":"https:\/\/www.cortonaweb.net\/wp-content\/uploads\/2020\/07\/Nanna-Heitmann_Magnum-550x360.jpg","category-post-image-width":550,"category-post-image-height":360,"listed-box-thumb":"https:\/\/www.cortonaweb.net\/wp-content\/uploads\/2020\/07\/Nanna-Heitmann_Magnum-550x360.jpg","listed-box-thumb-width":550,"listed-box-thumb-height":360}},{"ID":7132,"id":7132,"title":"Paolo-Woods","filename":"Paolo-Woods.jpg","filesize":201455,"url":"https:\/\/www.cortonaweb.net\/wp-content\/uploads\/2020\/07\/Paolo-Woods.jpg","link":"https:\/\/www.cortonaweb.net\/en\/event\/cortona-on-the-move-2020\/paolo-woods-2\/","alt":"eventi a cortona","author":"88","description":"","caption":"","name":"paolo-woods-2","status":"inherit","uploaded_to":7153,"date":"2020-07-14 07:36:40","modified":"2020-07-14 07:36:54","menu_order":0,"mime_type":"image\/jpeg","type":"image","subtype":"jpeg","icon":"https:\/\/www.cortonaweb.net\/wp-includes\/images\/media\/default.png","width":1280,"height":960,"sizes":{"thumbnail":"https:\/\/www.cortonaweb.net\/wp-content\/uploads\/2020\/07\/Paolo-Woods-150x150.jpg","thumbnail-width":150,"thumbnail-height":150,"medium":"https:\/\/www.cortonaweb.net\/wp-content\/uploads\/2020\/07\/Paolo-Woods-300x225.jpg","medium-width":300,"medium-height":225,"medium_large":"https:\/\/www.cortonaweb.net\/wp-content\/uploads\/2020\/07\/Paolo-Woods-768x576.jpg","medium_large-width":768,"medium_large-height":576,"large":"https:\/\/www.cortonaweb.net\/wp-content\/uploads\/2020\/07\/Paolo-Woods-1024x768.jpg","large-width":1024,"large-height":768,"1536x1536":"https:\/\/www.cortonaweb.net\/wp-content\/uploads\/2020\/07\/Paolo-Woods.jpg","1536x1536-width":1280,"1536x1536-height":960,"2048x2048":"https:\/\/www.cortonaweb.net\/wp-content\/uploads\/2020\/07\/Paolo-Woods.jpg","2048x2048-width":1280,"2048x2048-height":960,"carousel-home-thumb":"https:\/\/www.cortonaweb.net\/wp-content\/uploads\/2020\/07\/Paolo-Woods-366x275.jpg","carousel-home-thumb-width":366,"carousel-home-thumb-height":275,"carousel-thumb":"https:\/\/www.cortonaweb.net\/wp-content\/uploads\/2020\/07\/Paolo-Woods-366x275.jpg","carousel-thumb-width":366,"carousel-thumb-height":275,"box-single":"https:\/\/www.cortonaweb.net\/wp-content\/uploads\/2020\/07\/Paolo-Woods-512x512.jpg","box-single-width":512,"box-single-height":512,"box-double":"https:\/\/www.cortonaweb.net\/wp-content\/uploads\/2020\/07\/Paolo-Woods-512x512.jpg","box-double-width":512,"box-double-height":512,"box-wide":"https:\/\/www.cortonaweb.net\/wp-content\/uploads\/2020\/07\/Paolo-Woods-1058x630.jpg","box-wide-width":1058,"box-wide-height":630,"recipe-cover":"https:\/\/www.cortonaweb.net\/wp-content\/uploads\/2020\/07\/Paolo-Woods-1035x585.jpg","recipe-cover-width":1035,"recipe-cover-height":585,"recipe-gallery-thumb":"https:\/\/www.cortonaweb.net\/wp-content\/uploads\/2020\/07\/Paolo-Woods-325x220.jpg","recipe-gallery-thumb-width":325,"recipe-gallery-thumb-height":220,"event-cover":"https:\/\/www.cortonaweb.net\/wp-content\/uploads\/2020\/07\/Paolo-Woods-1035x585.jpg","event-cover-width":1035,"event-cover-height":585,"event-gallery-thumb":"https:\/\/www.cortonaweb.net\/wp-content\/uploads\/2020\/07\/Paolo-Woods-370x278.jpg","event-gallery-thumb-width":370,"event-gallery-thumb-height":278,"vendor-cover":"https:\/\/www.cortonaweb.net\/wp-content\/uploads\/2020\/07\/Paolo-Woods-1035x585.jpg","vendor-cover-width":1035,"vendor-cover-height":585,"vendor-carousel-thumb":"https:\/\/www.cortonaweb.net\/wp-content\/uploads\/2020\/07\/Paolo-Woods-370x280.jpg","vendor-carousel-thumb-width":370,"vendor-carousel-thumb-height":280,"vendor-offer-thumb":"https:\/\/www.cortonaweb.net\/wp-content\/uploads\/2020\/07\/Paolo-Woods-370x280.jpg","vendor-offer-thumb-width":370,"vendor-offer-thumb-height":280,"vendor-logo":"https:\/\/www.cortonaweb.net\/wp-content\/uploads\/2020\/07\/Paolo-Woods-100x100.jpg","vendor-logo-width":100,"vendor-logo-height":100,"sidebar-thumb":"https:\/\/www.cortonaweb.net\/wp-content\/uploads\/2020\/07\/Paolo-Woods-100x70.jpg","sidebar-thumb-width":100,"sidebar-thumb-height":70,"post-cover":"https:\/\/www.cortonaweb.net\/wp-content\/uploads\/2020\/07\/Paolo-Woods-1035x585.jpg","post-cover-width":1035,"post-cover-height":585,"category-post-image":"https:\/\/www.cortonaweb.net\/wp-content\/uploads\/2020\/07\/Paolo-Woods-550x360.jpg","category-post-image-width":550,"category-post-image-height":360,"listed-box-thumb":"https:\/\/www.cortonaweb.net\/wp-content\/uploads\/2020\/07\/Paolo-Woods-550x360.jpg","listed-box-thumb-width":550,"listed-box-thumb-height":360}},{"ID":7134,"id":7134,"title":"Simon-Norfolk","filename":"Simon-Norfolk.jpg","filesize":535502,"url":"https:\/\/www.cortonaweb.net\/wp-content\/uploads\/2020\/07\/Simon-Norfolk.jpg","link":"https:\/\/www.cortonaweb.net\/en\/event\/cortona-on-the-move-2020\/simon-norfolk-3-2\/","alt":"eventi a cortona","author":"88","description":"","caption":"","name":"simon-norfolk-3-2","status":"inherit","uploaded_to":7153,"date":"2020-07-14 07:36:44","modified":"2020-07-14 07:36:56","menu_order":0,"mime_type":"image\/jpeg","type":"image","subtype":"jpeg","icon":"https:\/\/www.cortonaweb.net\/wp-includes\/images\/media\/default.png","width":1280,"height":1280,"sizes":{"thumbnail":"https:\/\/www.cortonaweb.net\/wp-content\/uploads\/2020\/07\/Simon-Norfolk-150x150.jpg","thumbnail-width":150,"thumbnail-height":150,"medium":"https:\/\/www.cortonaweb.net\/wp-content\/uploads\/2020\/07\/Simon-Norfolk-300x300.jpg","medium-width":300,"medium-height":300,"medium_large":"https:\/\/www.cortonaweb.net\/wp-content\/uploads\/2020\/07\/Simon-Norfolk-768x768.jpg","medium_large-width":768,"medium_large-height":768,"large":"https:\/\/www.cortonaweb.net\/wp-content\/uploads\/2020\/07\/Simon-Norfolk-1024x1024.jpg","large-width":1024,"large-height":1024,"1536x1536":"https:\/\/www.cortonaweb.net\/wp-content\/uploads\/2020\/07\/Simon-Norfolk.jpg","1536x1536-width":1280,"1536x1536-height":1280,"2048x2048":"https:\/\/www.cortonaweb.net\/wp-content\/uploads\/2020\/07\/Simon-Norfolk.jpg","2048x2048-width":1280,"2048x2048-height":1280,"carousel-home-thumb":"https:\/\/www.cortonaweb.net\/wp-content\/uploads\/2020\/07\/Simon-Norfolk-366x275.jpg","carousel-home-thumb-width":366,"carousel-home-thumb-height":275,"carousel-thumb":"https:\/\/www.cortonaweb.net\/wp-content\/uploads\/2020\/07\/Simon-Norfolk-366x275.jpg","carousel-thumb-width":366,"carousel-thumb-height":275,"box-single":"https:\/\/www.cortonaweb.net\/wp-content\/uploads\/2020\/07\/Simon-Norfolk-512x512.jpg","box-single-width":512,"box-single-height":512,"box-double":"https:\/\/www.cortonaweb.net\/wp-content\/uploads\/2020\/07\/Simon-Norfolk-512x512.jpg","box-double-width":512,"box-double-height":512,"box-wide":"https:\/\/www.cortonaweb.net\/wp-content\/uploads\/2020\/07\/Simon-Norfolk-1058x630.jpg","box-wide-width":1058,"box-wide-height":630,"recipe-cover":"https:\/\/www.cortonaweb.net\/wp-content\/uploads\/2020\/07\/Simon-Norfolk-1035x585.jpg","recipe-cover-width":1035,"recipe-cover-height":585,"recipe-gallery-thumb":"https:\/\/www.cortonaweb.net\/wp-content\/uploads\/2020\/07\/Simon-Norfolk-325x220.jpg","recipe-gallery-thumb-width":325,"recipe-gallery-thumb-height":220,"event-cover":"https:\/\/www.cortonaweb.net\/wp-content\/uploads\/2020\/07\/Simon-Norfolk-1035x585.jpg","event-cover-width":1035,"event-cover-height":585,"event-gallery-thumb":"https:\/\/www.cortonaweb.net\/wp-content\/uploads\/2020\/07\/Simon-Norfolk-370x370.jpg","event-gallery-thumb-width":370,"event-gallery-thumb-height":370,"vendor-cover":"https:\/\/www.cortonaweb.net\/wp-content\/uploads\/2020\/07\/Simon-Norfolk-1035x585.jpg","vendor-cover-width":1035,"vendor-cover-height":585,"vendor-carousel-thumb":"https:\/\/www.cortonaweb.net\/wp-content\/uploads\/2020\/07\/Simon-Norfolk-370x280.jpg","vendor-carousel-thumb-width":370,"vendor-carousel-thumb-height":280,"vendor-offer-thumb":"https:\/\/www.cortonaweb.net\/wp-content\/uploads\/2020\/07\/Simon-Norfolk-370x280.jpg","vendor-offer-thumb-width":370,"vendor-offer-thumb-height":280,"vendor-logo":"https:\/\/www.cortonaweb.net\/wp-content\/uploads\/2020\/07\/Simon-Norfolk-100x100.jpg","vendor-logo-width":100,"vendor-logo-height":100,"sidebar-thumb":"https:\/\/www.cortonaweb.net\/wp-content\/uploads\/2020\/07\/Simon-Norfolk-100x70.jpg","sidebar-thumb-width":100,"sidebar-thumb-height":70,"post-cover":"https:\/\/www.cortonaweb.net\/wp-content\/uploads\/2020\/07\/Simon-Norfolk-1035x585.jpg","post-cover-width":1035,"post-cover-height":585,"category-post-image":"https:\/\/www.cortonaweb.net\/wp-content\/uploads\/2020\/07\/Simon-Norfolk-550x360.jpg","category-post-image-width":550,"category-post-image-height":360,"listed-box-thumb":"https:\/\/www.cortonaweb.net\/wp-content\/uploads\/2020\/07\/Simon-Norfolk-550x360.jpg","listed-box-thumb-width":550,"listed-box-thumb-height":360}},{"ID":7136,"id":7136,"title":"Mattia-Crocetti","filename":"Mattia-Crocetti.jpg","filesize":537571,"url":"https:\/\/www.cortonaweb.net\/wp-content\/uploads\/2020\/07\/Mattia-Crocetti.jpg","link":"https:\/\/www.cortonaweb.net\/en\/event\/cortona-on-the-move-2020\/mattia-crocetti-2\/","alt":"cortona_2020","author":"88","description":"","caption":"","name":"mattia-crocetti-2","status":"inherit","uploaded_to":7153,"date":"2020-07-14 07:36:49","modified":"2020-07-14 07:37:06","menu_order":0,"mime_type":"image\/jpeg","type":"image","subtype":"jpeg","icon":"https:\/\/www.cortonaweb.net\/wp-includes\/images\/media\/default.png","width":1280,"height":1024,"sizes":{"thumbnail":"https:\/\/www.cortonaweb.net\/wp-content\/uploads\/2020\/07\/Mattia-Crocetti-150x150.jpg","thumbnail-width":150,"thumbnail-height":150,"medium":"https:\/\/www.cortonaweb.net\/wp-content\/uploads\/2020\/07\/Mattia-Crocetti-300x240.jpg","medium-width":300,"medium-height":240,"medium_large":"https:\/\/www.cortonaweb.net\/wp-content\/uploads\/2020\/07\/Mattia-Crocetti-768x614.jpg","medium_large-width":768,"medium_large-height":614,"large":"https:\/\/www.cortonaweb.net\/wp-content\/uploads\/2020\/07\/Mattia-Crocetti-1024x819.jpg","large-width":1024,"large-height":819,"1536x1536":"https:\/\/www.cortonaweb.net\/wp-content\/uploads\/2020\/07\/Mattia-Crocetti.jpg","1536x1536-width":1280,"1536x1536-height":1024,"2048x2048":"https:\/\/www.cortonaweb.net\/wp-content\/uploads\/2020\/07\/Mattia-Crocetti.jpg","2048x2048-width":1280,"2048x2048-height":1024,"carousel-home-thumb":"https:\/\/www.cortonaweb.net\/wp-content\/uploads\/2020\/07\/Mattia-Crocetti-366x275.jpg","carousel-home-thumb-width":366,"carousel-home-thumb-height":275,"carousel-thumb":"https:\/\/www.cortonaweb.net\/wp-content\/uploads\/2020\/07\/Mattia-Crocetti-366x275.jpg","carousel-thumb-width":366,"carousel-thumb-height":275,"box-single":"https:\/\/www.cortonaweb.net\/wp-content\/uploads\/2020\/07\/Mattia-Crocetti-512x512.jpg","box-single-width":512,"box-single-height":512,"box-double":"https:\/\/www.cortonaweb.net\/wp-content\/uploads\/2020\/07\/Mattia-Crocetti-512x512.jpg","box-double-width":512,"box-double-height":512,"box-wide":"https:\/\/www.cortonaweb.net\/wp-content\/uploads\/2020\/07\/Mattia-Crocetti-1058x630.jpg","box-wide-width":1058,"box-wide-height":630,"recipe-cover":"https:\/\/www.cortonaweb.net\/wp-content\/uploads\/2020\/07\/Mattia-Crocetti-1035x585.jpg","recipe-cover-width":1035,"recipe-cover-height":585,"recipe-gallery-thumb":"https:\/\/www.cortonaweb.net\/wp-content\/uploads\/2020\/07\/Mattia-Crocetti-325x220.jpg","recipe-gallery-thumb-width":325,"recipe-gallery-thumb-height":220,"event-cover":"https:\/\/www.cortonaweb.net\/wp-content\/uploads\/2020\/07\/Mattia-Crocetti-1035x585.jpg","event-cover-width":1035,"event-cover-height":585,"event-gallery-thumb":"https:\/\/www.cortonaweb.net\/wp-content\/uploads\/2020\/07\/Mattia-Crocetti-370x296.jpg","event-gallery-thumb-width":370,"event-gallery-thumb-height":296,"vendor-cover":"https:\/\/www.cortonaweb.net\/wp-content\/uploads\/2020\/07\/Mattia-Crocetti-1035x585.jpg","vendor-cover-width":1035,"vendor-cover-height":585,"vendor-carousel-thumb":"https:\/\/www.cortonaweb.net\/wp-content\/uploads\/2020\/07\/Mattia-Crocetti-370x280.jpg","vendor-carousel-thumb-width":370,"vendor-carousel-thumb-height":280,"vendor-offer-thumb":"https:\/\/www.cortonaweb.net\/wp-content\/uploads\/2020\/07\/Mattia-Crocetti-370x280.jpg","vendor-offer-thumb-width":370,"vendor-offer-thumb-height":280,"vendor-logo":"https:\/\/www.cortonaweb.net\/wp-content\/uploads\/2020\/07\/Mattia-Crocetti-100x100.jpg","vendor-logo-width":100,"vendor-logo-height":100,"sidebar-thumb":"https:\/\/www.cortonaweb.net\/wp-content\/uploads\/2020\/07\/Mattia-Crocetti-100x70.jpg","sidebar-thumb-width":100,"sidebar-thumb-height":70,"post-cover":"https:\/\/www.cortonaweb.net\/wp-content\/uploads\/2020\/07\/Mattia-Crocetti-1035x585.jpg","post-cover-width":1035,"post-cover-height":585,"category-post-image":"https:\/\/www.cortonaweb.net\/wp-content\/uploads\/2020\/07\/Mattia-Crocetti-550x360.jpg","category-post-image-width":550,"category-post-image-height":360,"listed-box-thumb":"https:\/\/www.cortonaweb.net\/wp-content\/uploads\/2020\/07\/Mattia-Crocetti-550x360.jpg","listed-box-thumb-width":550,"listed-box-thumb-height":360}},{"ID":7138,"id":7138,"title":"Mattia-Balsamini","filename":"Mattia-Balsamini.jpg","filesize":243649,"url":"https:\/\/www.cortonaweb.net\/wp-content\/uploads\/2020\/07\/Mattia-Balsamini.jpg","link":"https:\/\/www.cortonaweb.net\/en\/event\/cortona-on-the-move-2020\/mattia-balsamini-2\/","alt":"cortona_2020","author":"88","description":"","caption":"","name":"mattia-balsamini-2","status":"inherit","uploaded_to":7153,"date":"2020-07-14 07:36:53","modified":"2020-07-14 07:37:09","menu_order":0,"mime_type":"image\/jpeg","type":"image","subtype":"jpeg","icon":"https:\/\/www.cortonaweb.net\/wp-includes\/images\/media\/default.png","width":1280,"height":960,"sizes":{"thumbnail":"https:\/\/www.cortonaweb.net\/wp-content\/uploads\/2020\/07\/Mattia-Balsamini-150x150.jpg","thumbnail-width":150,"thumbnail-height":150,"medium":"https:\/\/www.cortonaweb.net\/wp-content\/uploads\/2020\/07\/Mattia-Balsamini-300x225.jpg","medium-width":300,"medium-height":225,"medium_large":"https:\/\/www.cortonaweb.net\/wp-content\/uploads\/2020\/07\/Mattia-Balsamini-768x576.jpg","medium_large-width":768,"medium_large-height":576,"large":"https:\/\/www.cortonaweb.net\/wp-content\/uploads\/2020\/07\/Mattia-Balsamini-1024x768.jpg","large-width":1024,"large-height":768,"1536x1536":"https:\/\/www.cortonaweb.net\/wp-content\/uploads\/2020\/07\/Mattia-Balsamini.jpg","1536x1536-width":1280,"1536x1536-height":960,"2048x2048":"https:\/\/www.cortonaweb.net\/wp-content\/uploads\/2020\/07\/Mattia-Balsamini.jpg","2048x2048-width":1280,"2048x2048-height":960,"carousel-home-thumb":"https:\/\/www.cortonaweb.net\/wp-content\/uploads\/2020\/07\/Mattia-Balsamini-366x275.jpg","carousel-home-thumb-width":366,"carousel-home-thumb-height":275,"carousel-thumb":"https:\/\/www.cortonaweb.net\/wp-content\/uploads\/2020\/07\/Mattia-Balsamini-366x275.jpg","carousel-thumb-width":366,"carousel-thumb-height":275,"box-single":"https:\/\/www.cortonaweb.net\/wp-content\/uploads\/2020\/07\/Mattia-Balsamini-512x512.jpg","box-single-width":512,"box-single-height":512,"box-double":"https:\/\/www.cortonaweb.net\/wp-content\/uploads\/2020\/07\/Mattia-Balsamini-512x512.jpg","box-double-width":512,"box-double-height":512,"box-wide":"https:\/\/www.cortonaweb.net\/wp-content\/uploads\/2020\/07\/Mattia-Balsamini-1058x630.jpg","box-wide-width":1058,"box-wide-height":630,"recipe-cover":"https:\/\/www.cortonaweb.net\/wp-content\/uploads\/2020\/07\/Mattia-Balsamini-1035x585.jpg","recipe-cover-width":1035,"recipe-cover-height":585,"recipe-gallery-thumb":"https:\/\/www.cortonaweb.net\/wp-content\/uploads\/2020\/07\/Mattia-Balsamini-325x220.jpg","recipe-gallery-thumb-width":325,"recipe-gallery-thumb-height":220,"event-cover":"https:\/\/www.cortonaweb.net\/wp-content\/uploads\/2020\/07\/Mattia-Balsamini-1035x585.jpg","event-cover-width":1035,"event-cover-height":585,"event-gallery-thumb":"https:\/\/www.cortonaweb.net\/wp-content\/uploads\/2020\/07\/Mattia-Balsamini-370x278.jpg","event-gallery-thumb-width":370,"event-gallery-thumb-height":278,"vendor-cover":"https:\/\/www.cortonaweb.net\/wp-content\/uploads\/2020\/07\/Mattia-Balsamini-1035x585.jpg","vendor-cover-width":1035,"vendor-cover-height":585,"vendor-carousel-thumb":"https:\/\/www.cortonaweb.net\/wp-content\/uploads\/2020\/07\/Mattia-Balsamini-370x280.jpg","vendor-carousel-thumb-width":370,"vendor-carousel-thumb-height":280,"vendor-offer-thumb":"https:\/\/www.cortonaweb.net\/wp-content\/uploads\/2020\/07\/Mattia-Balsamini-370x280.jpg","vendor-offer-thumb-width":370,"vendor-offer-thumb-height":280,"vendor-logo":"https:\/\/www.cortonaweb.net\/wp-content\/uploads\/2020\/07\/Mattia-Balsamini-100x100.jpg","vendor-logo-width":100,"vendor-logo-height":100,"sidebar-thumb":"https:\/\/www.cortonaweb.net\/wp-content\/uploads\/2020\/07\/Mattia-Balsamini-100x70.jpg","sidebar-thumb-width":100,"sidebar-thumb-height":70,"post-cover":"https:\/\/www.cortonaweb.net\/wp-content\/uploads\/2020\/07\/Mattia-Balsamini-1035x585.jpg","post-cover-width":1035,"post-cover-height":585,"category-post-image":"https:\/\/www.cortonaweb.net\/wp-content\/uploads\/2020\/07\/Mattia-Balsamini-550x360.jpg","category-post-image-width":550,"category-post-image-height":360,"listed-box-thumb":"https:\/\/www.cortonaweb.net\/wp-content\/uploads\/2020\/07\/Mattia-Balsamini-550x360.jpg","listed-box-thumb-width":550,"listed-box-thumb-height":360}},{"ID":7140,"id":7140,"title":"Daniele-Ratti","filename":"Daniele-Ratti.jpg","filesize":273808,"url":"https:\/\/www.cortonaweb.net\/wp-content\/uploads\/2020\/07\/Daniele-Ratti.jpg","link":"https:\/\/www.cortonaweb.net\/en\/event\/cortona-on-the-move-2020\/daniele-ratti-2\/","alt":"cortona_2020","author":"88","description":"","caption":"","name":"daniele-ratti-2","status":"inherit","uploaded_to":7153,"date":"2020-07-14 07:36:57","modified":"2020-07-14 07:37:11","menu_order":0,"mime_type":"image\/jpeg","type":"image","subtype":"jpeg","icon":"https:\/\/www.cortonaweb.net\/wp-includes\/images\/media\/default.png","width":1280,"height":959,"sizes":{"thumbnail":"https:\/\/www.cortonaweb.net\/wp-content\/uploads\/2020\/07\/Daniele-Ratti-150x150.jpg","thumbnail-width":150,"thumbnail-height":150,"medium":"https:\/\/www.cortonaweb.net\/wp-content\/uploads\/2020\/07\/Daniele-Ratti-300x225.jpg","medium-width":300,"medium-height":225,"medium_large":"https:\/\/www.cortonaweb.net\/wp-content\/uploads\/2020\/07\/Daniele-Ratti-768x575.jpg","medium_large-width":768,"medium_large-height":575,"large":"https:\/\/www.cortonaweb.net\/wp-content\/uploads\/2020\/07\/Daniele-Ratti-1024x767.jpg","large-width":1024,"large-height":767,"1536x1536":"https:\/\/www.cortonaweb.net\/wp-content\/uploads\/2020\/07\/Daniele-Ratti.jpg","1536x1536-width":1280,"1536x1536-height":959,"2048x2048":"https:\/\/www.cortonaweb.net\/wp-content\/uploads\/2020\/07\/Daniele-Ratti.jpg","2048x2048-width":1280,"2048x2048-height":959,"carousel-home-thumb":"https:\/\/www.cortonaweb.net\/wp-content\/uploads\/2020\/07\/Daniele-Ratti-366x275.jpg","carousel-home-thumb-width":366,"carousel-home-thumb-height":275,"carousel-thumb":"https:\/\/www.cortonaweb.net\/wp-content\/uploads\/2020\/07\/Daniele-Ratti-366x275.jpg","carousel-thumb-width":366,"carousel-thumb-height":275,"box-single":"https:\/\/www.cortonaweb.net\/wp-content\/uploads\/2020\/07\/Daniele-Ratti-512x512.jpg","box-single-width":512,"box-single-height":512,"box-double":"https:\/\/www.cortonaweb.net\/wp-content\/uploads\/2020\/07\/Daniele-Ratti-512x512.jpg","box-double-width":512,"box-double-height":512,"box-wide":"https:\/\/www.cortonaweb.net\/wp-content\/uploads\/2020\/07\/Daniele-Ratti-1058x630.jpg","box-wide-width":1058,"box-wide-height":630,"recipe-cover":"https:\/\/www.cortonaweb.net\/wp-content\/uploads\/2020\/07\/Daniele-Ratti-1035x585.jpg","recipe-cover-width":1035,"recipe-cover-height":585,"recipe-gallery-thumb":"https:\/\/www.cortonaweb.net\/wp-content\/uploads\/2020\/07\/Daniele-Ratti-325x220.jpg","recipe-gallery-thumb-width":325,"recipe-gallery-thumb-height":220,"event-cover":"https:\/\/www.cortonaweb.net\/wp-content\/uploads\/2020\/07\/Daniele-Ratti-1035x585.jpg","event-cover-width":1035,"event-cover-height":585,"event-gallery-thumb":"https:\/\/www.cortonaweb.net\/wp-content\/uploads\/2020\/07\/Daniele-Ratti-370x277.jpg","event-gallery-thumb-width":370,"event-gallery-thumb-height":277,"vendor-cover":"https:\/\/www.cortonaweb.net\/wp-content\/uploads\/2020\/07\/Daniele-Ratti-1035x585.jpg","vendor-cover-width":1035,"vendor-cover-height":585,"vendor-carousel-thumb":"https:\/\/www.cortonaweb.net\/wp-content\/uploads\/2020\/07\/Daniele-Ratti-370x280.jpg","vendor-carousel-thumb-width":370,"vendor-carousel-thumb-height":280,"vendor-offer-thumb":"https:\/\/www.cortonaweb.net\/wp-content\/uploads\/2020\/07\/Daniele-Ratti-370x280.jpg","vendor-offer-thumb-width":370,"vendor-offer-thumb-height":280,"vendor-logo":"https:\/\/www.cortonaweb.net\/wp-content\/uploads\/2020\/07\/Daniele-Ratti-100x100.jpg","vendor-logo-width":100,"vendor-logo-height":100,"sidebar-thumb":"https:\/\/www.cortonaweb.net\/wp-content\/uploads\/2020\/07\/Daniele-Ratti-100x70.jpg","sidebar-thumb-width":100,"sidebar-thumb-height":70,"post-cover":"https:\/\/www.cortonaweb.net\/wp-content\/uploads\/2020\/07\/Daniele-Ratti-1035x585.jpg","post-cover-width":1035,"post-cover-height":585,"category-post-image":"https:\/\/www.cortonaweb.net\/wp-content\/uploads\/2020\/07\/Daniele-Ratti-550x360.jpg","category-post-image-width":550,"category-post-image-height":360,"listed-box-thumb":"https:\/\/www.cortonaweb.net\/wp-content\/uploads\/2020\/07\/Daniele-Ratti-550x360.jpg","listed-box-thumb-width":550,"listed-box-thumb-height":360}},{"ID":7142,"id":7142,"title":"Andrea-Frazzetta","filename":"Andrea-Frazzetta.jpg","filesize":110549,"url":"https:\/\/www.cortonaweb.net\/wp-content\/uploads\/2020\/07\/Andrea-Frazzetta.jpg","link":"https:\/\/www.cortonaweb.net\/en\/event\/cortona-on-the-move-2020\/andrea-frazzetta-2\/","alt":"cortona_2020","author":"88","description":"","caption":"","name":"andrea-frazzetta-2","status":"inherit","uploaded_to":7153,"date":"2020-07-14 07:37:00","modified":"2020-07-14 07:37:15","menu_order":0,"mime_type":"image\/jpeg","type":"image","subtype":"jpeg","icon":"https:\/\/www.cortonaweb.net\/wp-includes\/images\/media\/default.png","width":600,"height":900,"sizes":{"thumbnail":"https:\/\/www.cortonaweb.net\/wp-content\/uploads\/2020\/07\/Andrea-Frazzetta-150x150.jpg","thumbnail-width":150,"thumbnail-height":150,"medium":"https:\/\/www.cortonaweb.net\/wp-content\/uploads\/2020\/07\/Andrea-Frazzetta-200x300.jpg","medium-width":200,"medium-height":300,"medium_large":"https:\/\/www.cortonaweb.net\/wp-content\/uploads\/2020\/07\/Andrea-Frazzetta.jpg","medium_large-width":600,"medium_large-height":900,"large":"https:\/\/www.cortonaweb.net\/wp-content\/uploads\/2020\/07\/Andrea-Frazzetta.jpg","large-width":600,"large-height":900,"1536x1536":"https:\/\/www.cortonaweb.net\/wp-content\/uploads\/2020\/07\/Andrea-Frazzetta.jpg","1536x1536-width":600,"1536x1536-height":900,"2048x2048":"https:\/\/www.cortonaweb.net\/wp-content\/uploads\/2020\/07\/Andrea-Frazzetta.jpg","2048x2048-width":600,"2048x2048-height":900,"carousel-home-thumb":"https:\/\/www.cortonaweb.net\/wp-content\/uploads\/2020\/07\/Andrea-Frazzetta-366x275.jpg","carousel-home-thumb-width":366,"carousel-home-thumb-height":275,"carousel-thumb":"https:\/\/www.cortonaweb.net\/wp-content\/uploads\/2020\/07\/Andrea-Frazzetta-366x275.jpg","carousel-thumb-width":366,"carousel-thumb-height":275,"box-single":"https:\/\/www.cortonaweb.net\/wp-content\/uploads\/2020\/07\/Andrea-Frazzetta-512x512.jpg","box-single-width":512,"box-single-height":512,"box-double":"https:\/\/www.cortonaweb.net\/wp-content\/uploads\/2020\/07\/Andrea-Frazzetta-512x512.jpg","box-double-width":512,"box-double-height":512,"box-wide":"https:\/\/www.cortonaweb.net\/wp-content\/uploads\/2020\/07\/Andrea-Frazzetta-600x630.jpg","box-wide-width":600,"box-wide-height":630,"recipe-cover":"https:\/\/www.cortonaweb.net\/wp-content\/uploads\/2020\/07\/Andrea-Frazzetta-600x585.jpg","recipe-cover-width":600,"recipe-cover-height":585,"recipe-gallery-thumb":"https:\/\/www.cortonaweb.net\/wp-content\/uploads\/2020\/07\/Andrea-Frazzetta-325x220.jpg","recipe-gallery-thumb-width":325,"recipe-gallery-thumb-height":220,"event-cover":"https:\/\/www.cortonaweb.net\/wp-content\/uploads\/2020\/07\/Andrea-Frazzetta-600x585.jpg","event-cover-width":600,"event-cover-height":585,"event-gallery-thumb":"https:\/\/www.cortonaweb.net\/wp-content\/uploads\/2020\/07\/Andrea-Frazzetta-370x555.jpg","event-gallery-thumb-width":370,"event-gallery-thumb-height":555,"vendor-cover":"https:\/\/www.cortonaweb.net\/wp-content\/uploads\/2020\/07\/Andrea-Frazzetta-600x585.jpg","vendor-cover-width":600,"vendor-cover-height":585,"vendor-carousel-thumb":"https:\/\/www.cortonaweb.net\/wp-content\/uploads\/2020\/07\/Andrea-Frazzetta-370x280.jpg","vendor-carousel-thumb-width":370,"vendor-carousel-thumb-height":280,"vendor-offer-thumb":"https:\/\/www.cortonaweb.net\/wp-content\/uploads\/2020\/07\/Andrea-Frazzetta-370x280.jpg","vendor-offer-thumb-width":370,"vendor-offer-thumb-height":280,"vendor-logo":"https:\/\/www.cortonaweb.net\/wp-content\/uploads\/2020\/07\/Andrea-Frazzetta-100x100.jpg","vendor-logo-width":100,"vendor-logo-height":100,"sidebar-thumb":"https:\/\/www.cortonaweb.net\/wp-content\/uploads\/2020\/07\/Andrea-Frazzetta-100x70.jpg","sidebar-thumb-width":100,"sidebar-thumb-height":70,"post-cover":"https:\/\/www.cortonaweb.net\/wp-content\/uploads\/2020\/07\/Andrea-Frazzetta-600x585.jpg","post-cover-width":600,"post-cover-height":585,"category-post-image":"https:\/\/www.cortonaweb.net\/wp-content\/uploads\/2020\/07\/Andrea-Frazzetta-550x360.jpg","category-post-image-width":550,"category-post-image-height":360,"listed-box-thumb":"https:\/\/www.cortonaweb.net\/wp-content\/uploads\/2020\/07\/Andrea-Frazzetta-550x360.jpg","listed-box-thumb-width":550,"listed-box-thumb-height":360}},{"ID":7144,"id":7144,"title":"Alex-Majoli","filename":"Alex-Majoli.jpg","filesize":169305,"url":"https:\/\/www.cortonaweb.net\/wp-content\/uploads\/2020\/07\/Alex-Majoli.jpg","link":"https:\/\/www.cortonaweb.net\/en\/event\/cortona-on-the-move-2020\/alex-majoli-2\/","alt":"cortona_2020","author":"88","description":"","caption":"","name":"alex-majoli-2","status":"inherit","uploaded_to":7153,"date":"2020-07-14 07:37:02","modified":"2020-07-14 07:37:21","menu_order":0,"mime_type":"image\/jpeg","type":"image","subtype":"jpeg","icon":"https:\/\/www.cortonaweb.net\/wp-includes\/images\/media\/default.png","width":1280,"height":960,"sizes":{"thumbnail":"https:\/\/www.cortonaweb.net\/wp-content\/uploads\/2020\/07\/Alex-Majoli-150x150.jpg","thumbnail-width":150,"thumbnail-height":150,"medium":"https:\/\/www.cortonaweb.net\/wp-content\/uploads\/2020\/07\/Alex-Majoli-300x225.jpg","medium-width":300,"medium-height":225,"medium_large":"https:\/\/www.cortonaweb.net\/wp-content\/uploads\/2020\/07\/Alex-Majoli-768x576.jpg","medium_large-width":768,"medium_large-height":576,"large":"https:\/\/www.cortonaweb.net\/wp-content\/uploads\/2020\/07\/Alex-Majoli-1024x768.jpg","large-width":1024,"large-height":768,"1536x1536":"https:\/\/www.cortonaweb.net\/wp-content\/uploads\/2020\/07\/Alex-Majoli.jpg","1536x1536-width":1280,"1536x1536-height":960,"2048x2048":"https:\/\/www.cortonaweb.net\/wp-content\/uploads\/2020\/07\/Alex-Majoli.jpg","2048x2048-width":1280,"2048x2048-height":960,"carousel-home-thumb":"https:\/\/www.cortonaweb.net\/wp-content\/uploads\/2020\/07\/Alex-Majoli-366x275.jpg","carousel-home-thumb-width":366,"carousel-home-thumb-height":275,"carousel-thumb":"https:\/\/www.cortonaweb.net\/wp-content\/uploads\/2020\/07\/Alex-Majoli-366x275.jpg","carousel-thumb-width":366,"carousel-thumb-height":275,"box-single":"https:\/\/www.cortonaweb.net\/wp-content\/uploads\/2020\/07\/Alex-Majoli-512x512.jpg","box-single-width":512,"box-single-height":512,"box-double":"https:\/\/www.cortonaweb.net\/wp-content\/uploads\/2020\/07\/Alex-Majoli-512x512.jpg","box-double-width":512,"box-double-height":512,"box-wide":"https:\/\/www.cortonaweb.net\/wp-content\/uploads\/2020\/07\/Alex-Majoli-1058x630.jpg","box-wide-width":1058,"box-wide-height":630,"recipe-cover":"https:\/\/www.cortonaweb.net\/wp-content\/uploads\/2020\/07\/Alex-Majoli-1035x585.jpg","recipe-cover-width":1035,"recipe-cover-height":585,"recipe-gallery-thumb":"https:\/\/www.cortonaweb.net\/wp-content\/uploads\/2020\/07\/Alex-Majoli-325x220.jpg","recipe-gallery-thumb-width":325,"recipe-gallery-thumb-height":220,"event-cover":"https:\/\/www.cortonaweb.net\/wp-content\/uploads\/2020\/07\/Alex-Majoli-1035x585.jpg","event-cover-width":1035,"event-cover-height":585,"event-gallery-thumb":"https:\/\/www.cortonaweb.net\/wp-content\/uploads\/2020\/07\/Alex-Majoli-370x278.jpg","event-gallery-thumb-width":370,"event-gallery-thumb-height":278,"vendor-cover":"https:\/\/www.cortonaweb.net\/wp-content\/uploads\/2020\/07\/Alex-Majoli-1035x585.jpg","vendor-cover-width":1035,"vendor-cover-height":585,"vendor-carousel-thumb":"https:\/\/www.cortonaweb.net\/wp-content\/uploads\/2020\/07\/Alex-Majoli-370x280.jpg","vendor-carousel-thumb-width":370,"vendor-carousel-thumb-height":280,"vendor-offer-thumb":"https:\/\/www.cortonaweb.net\/wp-content\/uploads\/2020\/07\/Alex-Majoli-370x280.jpg","vendor-offer-thumb-width":370,"vendor-offer-thumb-height":280,"vendor-logo":"https:\/\/www.cortonaweb.net\/wp-content\/uploads\/2020\/07\/Alex-Majoli-100x100.jpg","vendor-logo-width":100,"vendor-logo-height":100,"sidebar-thumb":"https:\/\/www.cortonaweb.net\/wp-content\/uploads\/2020\/07\/Alex-Majoli-100x70.jpg","sidebar-thumb-width":100,"sidebar-thumb-height":70,"post-cover":"https:\/\/www.cortonaweb.net\/wp-content\/uploads\/2020\/07\/Alex-Majoli-1035x585.jpg","post-cover-width":1035,"post-cover-height":585,"category-post-image":"https:\/\/www.cortonaweb.net\/wp-content\/uploads\/2020\/07\/Alex-Majoli-550x360.jpg","category-post-image-width":550,"category-post-image-height":360,"listed-box-thumb":"https:\/\/www.cortonaweb.net\/wp-content\/uploads\/2020\/07\/Alex-Majoli-550x360.jpg","listed-box-thumb-width":550,"listed-box-thumb-height":360}}]}]},"card":{"rendered":"\n<div class=\"cell large-6 medium-6 event-card item-el \" data-id=\"7153\">\n\t<a href=\"https:\/\/www.cortonaweb.net\/en\/event\/cortona-on-the-move-2020\/\" class=\"item-el-wrap\" style=\"background-color: #598527\">\n\t\t<div class=\"item-el-overlay\"><\/div>\n\t\t<div class=\"item-el-date\">\n\n\t\t\t\n\t\t\t\t<div class=\"item-el-date-wrap multiday\">\n\t\t\t\t\t<span class=\"item-el-date-from\">\n\t\t\t\t\t \t<span class=\"item-el-date-from-text\">from<\/span>\n\t\t\t\t\t \t<span class=\"item-el-date-from-day\">11<\/span>\n\t\t\t\t\t\t<span class=\"item-el-date-from-month\">Jul<\/span>\n\n\t\t\t\t\t<\/span>\n\n\t\t\t\t\t<span class=\"item-el-date-to\">\n\t\t\t\t\t\t<span class=\"item-el-date-from-text\">to<\/span>\n\t\t\t\t\t\t<span class=\"item-el-date-from-day\">27<\/span>\n\t\t\t\t\t\t<span class=\"item-el-date-from-month\">Sep<\/span>\n\t\t\t\t\t<\/span>\n\t\t\t\t<\/div>\n\n                \n\t\t\t\n\t\t<\/div>\n\t\t<div class=\"item-el-image\">\n\t\t\t<img width=\"550\" height=\"360\" src=\"https:\/\/www.cortonaweb.net\/wp-content\/uploads\/2020\/07\/copertina-1-1-550x360.jpg\" class=\"attachment-listed-box-thumb size-listed-box-thumb\" alt=\"cotm_2020\" decoding=\"async\" loading=\"lazy\" \/>\t\t<\/div>\n\t\t<div class=\"item-el-info\">\n\t\t\t<div class=\"grid-x\">\n\t\t\t\t<div class=\"cell large-12\">\n\t\t\t\t\t<div class=\"grid-x\">\n\t\t\t\t\t\t<div class=\"cell shrink\">\n\t\t\t\t\t\t\t\t\t\t\t\t\t\t\t<span class=\"event-tag\" style=\"background-color: #598527\">Culture<\/span>\n\t\t\t\t\t\t\t\t\t\t\t\t\t<\/div>\n\t\t\t\t\t\t<div class=\"cell auto\">\n\t\t\t\t\t\t\t\t\t\t\t\t\t\t\t<span class=\"event-parent\">Cortona <span class=\"text-yellow\">On The<\/span> Move<\/span>\n\t\t\t\t\t\t\t\t\t\t\t\t\t<\/div>\n\t\t\t\t\t<\/div>\n\n\t\t\t\t\t<h3>Cortona On The Move 2020<\/h3>\n\t\t\t\t<\/div>\n\t\t\t<\/div>\n\t\t\t<div class=\"grid-x\">\n\t\t\t\t<div class=\"cell auto\">\n\t\t\t\t\t<i class=\"cw cw-placeholder\"><\/i>\n\t\t\t\t\t<p><\/p>\n\t\t\t\t<\/div>\n\t\t\t\t<div class=\"cell shrink\">\n\t\t\t\t\t<i class=\"cw cw-watch\"><\/i>\n\t\t\t\t\t<p>dalle 10:00 alle 20:00<\/p>\n\t\t\t\t<\/div>\n\t\t\t<\/div>\n\t\t\t <button class=\"item-el-info-button\" style=\"--slide-color: #598527\">\n\t\t\t\tmore info\t\t\t<\/button>\n\t\t<\/div>\n\t<\/a>\n<\/div>\n\n\n"},"date_start":"2020-07-11T00:00:00+02:00","date_end":"2020-09-27T23:59:59+02:00","_links":{"self":[{"href":"https:\/\/www.cortonaweb.net\/en\/wp-json\/wp\/v2\/event\/7153","targetHints":{"allow":["GET"]}}],"collection":[{"href":"https:\/\/www.cortonaweb.net\/en\/wp-json\/wp\/v2\/event"}],"about":[{"href":"https:\/\/www.cortonaweb.net\/en\/wp-json\/wp\/v2\/types\/event"}],"wp:featuredmedia":[{"embeddable":true,"href":"https:\/\/www.cortonaweb.net\/en\/wp-json\/wp\/v2\/media\/7164"}],"wp:attachment":[{"href":"https:\/\/www.cortonaweb.net\/en\/wp-json\/wp\/v2\/media?parent=7153"}],"wp:term":[{"taxonomy":"event-categories","embeddable":true,"href":"https:\/\/www.cortonaweb.net\/en\/wp-json\/wp\/v2\/event-categories?post=7153"}],"curies":[{"name":"wp","href":"https:\/\/api.w.org\/{rel}","templated":true}]}}